{"id":4403,"date":"2026-03-09T17:01:36","date_gmt":"2026-03-09T16:01:36","guid":{"rendered":"https:\/\/cpi-europe.upv.es\/?post_type=mec-events&#038;p=4403"},"modified":"2026-03-09T17:06:14","modified_gmt":"2026-03-09T16:06:14","slug":"infoday-nacional-msca-staff-exchanges-2026","status":"publish","type":"mec-events","link":"https:\/\/cpi-europe.upv.es\/val\/eventos\/infoday-nacional-msca-staff-exchanges-2026\/","title":{"rendered":"Sesi\u00f3n informativa MSCA SE 2026"},"content":{"rendered":"<div class=\"field field--name-field-informacion-previa field--type-text-long field--label-hidden field--item\">\n<p>FECYT organiza el <strong>13 de marzo<\/strong> una<strong> sesi\u00f3n informativa<\/strong> sobre la convocatoria 2026 de <strong>MSCA Staff Exchanges.<\/strong><\/p>\n<p>La sesi\u00f3n pondr\u00e1 el foco en aspectos pr\u00e1cticos de preparaci\u00f3n de la propuesta, a trav\u00e9s de recomendaciones de los Puntos Nacionales de Contacto MSCA y la presentaci\u00f3n de dos casos de \u00e9xito:<\/p>\n<ul>\n<li>EA-DIGIFOLK &#8216;An European and Ibero-American approach for the digital collection, analysis and dissemination of folk music&#8217; (Universidad de Salamanca)<\/li>\n<li>STOP-MATING &#8216;Accelerating the development of mating disruptors for disease-transmitting mosquito control&#8217; (CSIC)<\/li>\n<\/ul>\n<p><span style=\"font-size: 16px;\">M\u00e1s informaci\u00f3n y registro en este <\/span><strong style=\"font-size: 16px;\"><a href=\"https:\/\/www.horizonteeuropa.es\/sesion-informativa-msca-se-2026\" target=\"_blank\" rel=\"noopener\">enlace<\/a>.<\/strong><\/p>\n<hr \/>\n<p><strong>Agenda:<\/strong><\/p>\n<ul>\n<li>10.30 Claves y novedades de la convocatoria 2026<\/li>\n<li>10.45 C\u00f3mo preparar una propuesta exitosa<\/li>\n<li>11.30 Casos de \u00e9xito<\/li>\n<li>12.00 Preguntas<\/li>\n<\/ul>\n<\/div>\n<hr \/>\n<p>&nbsp;<\/p>","protected":false},"excerpt":{"rendered":"<p>FECYT organiza el 13 de marzo una sesi\u00f3n informativa sobre la convocatoria 2026 de MSCA Staff Exchanges. La sesi\u00f3n pondr\u00e1 el foco en aspectos pr\u00e1cticos de preparaci\u00f3n de la propuesta, a trav\u00e9s de recomendaciones de los Puntos Nacionales de Contacto MSCA y la presentaci\u00f3n de dos casos de \u00e9xito: EA-DIGIFOLK &#8216;An European and Ibero-American approach &hellip;<\/p>\n<p class=\"read-more\"> <a class=\"\" href=\"https:\/\/cpi-europe.upv.es\/val\/eventos\/infoday-nacional-msca-staff-exchanges-2026\/\"> <span class=\"screen-reader-text\">Sesi\u00f3n informativa MSCA SE 2026<\/span> Read More \u00bb<\/a><\/p>","protected":false},"author":4,"featured_media":4404,"comment_status":"closed","ping_status":"closed","template":"","tags":[30,132],"mec_category":[15],"class_list":["post-4403","mec-events","type-mec-events","status-publish","has-post-thumbnail","hentry","tag-horizon-europe","tag-msca-se","mec_category-externos"],"yoast_head":"<!-- This site is optimized with the Yoast SEO plugin v27.1.1 - https:\/\/yoast.com\/product\/yoast-seo-wordpress\/ -->\n<title>Sesi\u00f3n informativa MSCA SE 2026 | CPI EUROPE<\/title>\n<meta name=\"robots\" content=\"index, follow, max-snippet:-1, max-image-preview:large, max-video-preview:-1\" \/>\n<link rel=\"canonical\" href=\"https:\/\/cpi-europe.upv.es\/val\/eventos\/infoday-nacional-msca-staff-exchanges-2026\/\" \/>\n<meta property=\"og:locale\" content=\"en_US\" \/>\n<meta property=\"og:type\" content=\"article\" \/>\n<meta property=\"og:title\" content=\"Sesi\u00f3n informativa MSCA SE 2026 | CPI EUROPE\" \/>\n<meta property=\"og:description\" content=\"FECYT organiza el 13 de marzo una sesi\u00f3n informativa sobre la convocatoria 2026 de MSCA Staff Exchanges. La sesi\u00f3n pondr\u00e1 el foco en aspectos pr\u00e1cticos de preparaci\u00f3n de la propuesta, a trav\u00e9s de recomendaciones de los Puntos Nacionales de Contacto MSCA y la presentaci\u00f3n de dos casos de \u00e9xito: EA-DIGIFOLK &#8216;An European and Ibero-American approach &hellip; Sesi\u00f3n informativa MSCA SE 2026 Read More \u00bb\" \/>\n<meta property=\"og:url\" content=\"https:\/\/cpi-europe.upv.es\/val\/eventos\/infoday-nacional-msca-staff-exchanges-2026\/\" \/>\n<meta property=\"og:site_name\" content=\"CPI EUROPE\" \/>\n<meta property=\"article:publisher\" content=\"https:\/\/www.facebook.com\/UPV\" \/>\n<meta property=\"article:modified_time\" content=\"2026-03-09T16:06:14+00:00\" \/>\n<meta property=\"og:image\" content=\"https:\/\/cpi-europe.upv.es\/wp-content\/uploads\/2026\/03\/Staff-Exchanges-infoday-2026_0.png\" \/>\n\t<meta property=\"og:image:width\" content=\"480\" \/>\n\t<meta property=\"og:image:height\" content=\"270\" \/>\n\t<meta property=\"og:image:type\" content=\"image\/png\" \/>\n<meta name=\"twitter:card\" content=\"summary_large_image\" \/>\n<meta name=\"twitter:site\" content=\"@UPV\" \/>\n<meta name=\"twitter:label1\" content=\"Est. reading time\" \/>\n\t<meta name=\"twitter:data1\" content=\"1 minute\" \/>\n<script type=\"application\/ld+json\" class=\"yoast-schema-graph\">{\"@context\":\"https:\/\/schema.org\",\"@graph\":[{\"@type\":\"WebPage\",\"@id\":\"https:\/\/cpi-europe.upv.es\/eventos\/infoday-nacional-msca-staff-exchanges-2026\/\",\"url\":\"https:\/\/cpi-europe.upv.es\/eventos\/infoday-nacional-msca-staff-exchanges-2026\/\",\"name\":\"Sesi\u00f3n informativa MSCA SE 2026 | CPI EUROPE\",\"isPartOf\":{\"@id\":\"https:\/\/cpi-europe.upv.es\/#website\"},\"primaryImageOfPage\":{\"@id\":\"https:\/\/cpi-europe.upv.es\/eventos\/infoday-nacional-msca-staff-exchanges-2026\/#primaryimage\"},\"image\":{\"@id\":\"https:\/\/cpi-europe.upv.es\/eventos\/infoday-nacional-msca-staff-exchanges-2026\/#primaryimage\"},\"thumbnailUrl\":\"https:\/\/cpi-europe.upv.es\/wp-content\/uploads\/2026\/03\/Staff-Exchanges-infoday-2026_0.png\",\"datePublished\":\"2026-03-09T16:01:36+00:00\",\"dateModified\":\"2026-03-09T16:06:14+00:00\",\"breadcrumb\":{\"@id\":\"https:\/\/cpi-europe.upv.es\/eventos\/infoday-nacional-msca-staff-exchanges-2026\/#breadcrumb\"},\"inLanguage\":\"va\",\"potentialAction\":[{\"@type\":\"ReadAction\",\"target\":[\"https:\/\/cpi-europe.upv.es\/eventos\/infoday-nacional-msca-staff-exchanges-2026\/\"]}]},{\"@type\":\"ImageObject\",\"inLanguage\":\"va\",\"@id\":\"https:\/\/cpi-europe.upv.es\/eventos\/infoday-nacional-msca-staff-exchanges-2026\/#primaryimage\",\"url\":\"https:\/\/cpi-europe.upv.es\/wp-content\/uploads\/2026\/03\/Staff-Exchanges-infoday-2026_0.png\",\"contentUrl\":\"https:\/\/cpi-europe.upv.es\/wp-content\/uploads\/2026\/03\/Staff-Exchanges-infoday-2026_0.png\",\"width\":480,\"height\":270},{\"@type\":\"BreadcrumbList\",\"@id\":\"https:\/\/cpi-europe.upv.es\/eventos\/infoday-nacional-msca-staff-exchanges-2026\/#breadcrumb\",\"itemListElement\":[{\"@type\":\"ListItem\",\"position\":1,\"name\":\"Portada\",\"item\":\"https:\/\/cpi-europe.upv.es\/\"},{\"@type\":\"ListItem\",\"position\":2,\"name\":\"Sesi\u00f3n informativa MSCA SE 2026\"}]},{\"@type\":\"WebSite\",\"@id\":\"https:\/\/cpi-europe.upv.es\/#website\",\"url\":\"https:\/\/cpi-europe.upv.es\/\",\"name\":\"CPI EUROPE\",\"description\":\"\",\"publisher\":{\"@id\":\"https:\/\/cpi-europe.upv.es\/#organization\"},\"potentialAction\":[{\"@type\":\"SearchAction\",\"target\":{\"@type\":\"EntryPoint\",\"urlTemplate\":\"https:\/\/cpi-europe.upv.es\/?s={search_term_string}\"},\"query-input\":{\"@type\":\"PropertyValueSpecification\",\"valueRequired\":true,\"valueName\":\"search_term_string\"}}],\"inLanguage\":\"va\"},{\"@type\":\"Organization\",\"@id\":\"https:\/\/cpi-europe.upv.es\/#organization\",\"name\":\"CPI Europe\",\"url\":\"https:\/\/cpi-europe.upv.es\/\",\"logo\":{\"@type\":\"ImageObject\",\"inLanguage\":\"va\",\"@id\":\"https:\/\/cpi-europe.upv.es\/#\/schema\/logo\/image\/\",\"url\":\"https:\/\/cpi-europe.upv.es\/wp-content\/uploads\/2020\/12\/logo-cpi-web-ok.png\",\"contentUrl\":\"https:\/\/cpi-europe.upv.es\/wp-content\/uploads\/2020\/12\/logo-cpi-web-ok.png\",\"width\":869,\"height\":111,\"caption\":\"CPI Europe\"},\"image\":{\"@id\":\"https:\/\/cpi-europe.upv.es\/#\/schema\/logo\/image\/\"},\"sameAs\":[\"https:\/\/www.facebook.com\/UPV\",\"https:\/\/x.com\/UPV\",\"https:\/\/www.instagram.com\/instaUPV\/\"]}]}<\/script>\n<!-- \/ Yoast SEO plugin. -->","yoast_head_json":{"title":"Sesi\u00f3n informativa MSCA SE 2026 | CPI EUROPE","robots":{"index":"index","follow":"follow","max-snippet":"max-snippet:-1","max-image-preview":"max-image-preview:large","max-video-preview":"max-video-preview:-1"},"canonical":"https:\/\/cpi-europe.upv.es\/val\/eventos\/infoday-nacional-msca-staff-exchanges-2026\/","og_locale":"en_US","og_type":"article","og_title":"Sesi\u00f3n informativa MSCA SE 2026 | CPI EUROPE","og_description":"FECYT organiza el 13 de marzo una sesi\u00f3n informativa sobre la convocatoria 2026 de MSCA Staff Exchanges. La sesi\u00f3n pondr\u00e1 el foco en aspectos pr\u00e1cticos de preparaci\u00f3n de la propuesta, a trav\u00e9s de recomendaciones de los Puntos Nacionales de Contacto MSCA y la presentaci\u00f3n de dos casos de \u00e9xito: EA-DIGIFOLK &#8216;An European and Ibero-American approach &hellip; Sesi\u00f3n informativa MSCA SE 2026 Read More \u00bb","og_url":"https:\/\/cpi-europe.upv.es\/val\/eventos\/infoday-nacional-msca-staff-exchanges-2026\/","og_site_name":"CPI EUROPE","article_publisher":"https:\/\/www.facebook.com\/UPV","article_modified_time":"2026-03-09T16:06:14+00:00","og_image":[{"width":480,"height":270,"url":"https:\/\/cpi-europe.upv.es\/wp-content\/uploads\/2026\/03\/Staff-Exchanges-infoday-2026_0.png","type":"image\/png"}],"twitter_card":"summary_large_image","twitter_site":"@UPV","twitter_misc":{"Est. reading time":"1 minute"},"schema":{"@context":"https:\/\/schema.org","@graph":[{"@type":"WebPage","@id":"https:\/\/cpi-europe.upv.es\/eventos\/infoday-nacional-msca-staff-exchanges-2026\/","url":"https:\/\/cpi-europe.upv.es\/eventos\/infoday-nacional-msca-staff-exchanges-2026\/","name":"Sesi\u00f3n informativa MSCA SE 2026 | CPI EUROPE","isPartOf":{"@id":"https:\/\/cpi-europe.upv.es\/#website"},"primaryImageOfPage":{"@id":"https:\/\/cpi-europe.upv.es\/eventos\/infoday-nacional-msca-staff-exchanges-2026\/#primaryimage"},"image":{"@id":"https:\/\/cpi-europe.upv.es\/eventos\/infoday-nacional-msca-staff-exchanges-2026\/#primaryimage"},"thumbnailUrl":"https:\/\/cpi-europe.upv.es\/wp-content\/uploads\/2026\/03\/Staff-Exchanges-infoday-2026_0.png","datePublished":"2026-03-09T16:01:36+00:00","dateModified":"2026-03-09T16:06:14+00:00","breadcrumb":{"@id":"https:\/\/cpi-europe.upv.es\/eventos\/infoday-nacional-msca-staff-exchanges-2026\/#breadcrumb"},"inLanguage":"va","potentialAction":[{"@type":"ReadAction","target":["https:\/\/cpi-europe.upv.es\/eventos\/infoday-nacional-msca-staff-exchanges-2026\/"]}]},{"@type":"ImageObject","inLanguage":"va","@id":"https:\/\/cpi-europe.upv.es\/eventos\/infoday-nacional-msca-staff-exchanges-2026\/#primaryimage","url":"https:\/\/cpi-europe.upv.es\/wp-content\/uploads\/2026\/03\/Staff-Exchanges-infoday-2026_0.png","contentUrl":"https:\/\/cpi-europe.upv.es\/wp-content\/uploads\/2026\/03\/Staff-Exchanges-infoday-2026_0.png","width":480,"height":270},{"@type":"BreadcrumbList","@id":"https:\/\/cpi-europe.upv.es\/eventos\/infoday-nacional-msca-staff-exchanges-2026\/#breadcrumb","itemListElement":[{"@type":"ListItem","position":1,"name":"Portada","item":"https:\/\/cpi-europe.upv.es\/"},{"@type":"ListItem","position":2,"name":"Sesi\u00f3n informativa MSCA SE 2026"}]},{"@type":"WebSite","@id":"https:\/\/cpi-europe.upv.es\/#website","url":"https:\/\/cpi-europe.upv.es\/","name":"CPI EUROPE","description":"","publisher":{"@id":"https:\/\/cpi-europe.upv.es\/#organization"},"potentialAction":[{"@type":"SearchAction","target":{"@type":"EntryPoint","urlTemplate":"https:\/\/cpi-europe.upv.es\/?s={search_term_string}"},"query-input":{"@type":"PropertyValueSpecification","valueRequired":true,"valueName":"search_term_string"}}],"inLanguage":"va"},{"@type":"Organization","@id":"https:\/\/cpi-europe.upv.es\/#organization","name":"CPI Europe","url":"https:\/\/cpi-europe.upv.es\/","logo":{"@type":"ImageObject","inLanguage":"va","@id":"https:\/\/cpi-europe.upv.es\/#\/schema\/logo\/image\/","url":"https:\/\/cpi-europe.upv.es\/wp-content\/uploads\/2020\/12\/logo-cpi-web-ok.png","contentUrl":"https:\/\/cpi-europe.upv.es\/wp-content\/uploads\/2020\/12\/logo-cpi-web-ok.png","width":869,"height":111,"caption":"CPI Europe"},"image":{"@id":"https:\/\/cpi-europe.upv.es\/#\/schema\/logo\/image\/"},"sameAs":["https:\/\/www.facebook.com\/UPV","https:\/\/x.com\/UPV","https:\/\/www.instagram.com\/instaUPV\/"]}]}},"_links":{"self":[{"href":"https:\/\/cpi-europe.upv.es\/val\/wp-json\/wp\/v2\/mec-events\/4403","targetHints":{"allow":["GET"]}}],"collection":[{"href":"https:\/\/cpi-europe.upv.es\/val\/wp-json\/wp\/v2\/mec-events"}],"about":[{"href":"https:\/\/cpi-europe.upv.es\/val\/wp-json\/wp\/v2\/types\/mec-events"}],"author":[{"embeddable":true,"href":"https:\/\/cpi-europe.upv.es\/val\/wp-json\/wp\/v2\/users\/4"}],"replies":[{"embeddable":true,"href":"https:\/\/cpi-europe.upv.es\/val\/wp-json\/wp\/v2\/comments?post=4403"}],"wp:featuredmedia":[{"embeddable":true,"href":"https:\/\/cpi-europe.upv.es\/val\/wp-json\/wp\/v2\/media\/4404"}],"wp:attachment":[{"href":"https:\/\/cpi-europe.upv.es\/val\/wp-json\/wp\/v2\/media?parent=4403"}],"wp:term":[{"taxonomy":"post_tag","embeddable":true,"href":"https:\/\/cpi-europe.upv.es\/val\/wp-json\/wp\/v2\/tags?post=4403"},{"taxonomy":"mec_category","embeddable":true,"href":"https:\/\/cpi-europe.upv.es\/val\/wp-json\/wp\/v2\/mec_category?post=4403"}],"curies":[{"name":"wp","href":"https:\/\/api.w.org\/{rel}","templated":true}]}}