{"id":3979,"date":"2025-02-17T12:20:45","date_gmt":"2025-02-17T11:20:45","guid":{"rendered":"https:\/\/cpi-europe.upv.es\/eventos\/sesion-informativa-msca-pf-2024-upv-copy\/"},"modified":"2025-02-27T10:07:20","modified_gmt":"2025-02-27T09:07:20","slug":"sesion-informativa-msca-pf-2025-upv","status":"publish","type":"mec-events","link":"https:\/\/cpi-europe.upv.es\/val\/eventos\/sesion-informativa-msca-pf-2025-upv\/","title":{"rendered":"Sesi\u00f3n informativa MSCA PF 2025 [Investigadores UPV]"},"content":{"rendered":"<p><span style=\"color: #333399;\"><em>\u00bfEres personal investigador en la UPV y te gustar\u00eda incorporar investigadores postdoctorales con talento y trayectoria internacional a tu equipo?<\/em><\/span><\/p>\n<p>\u00a1Conoce las oportunidades que te ofrece el programa <strong>MSCA Postdoctoral Fellowships<\/strong> de Horizonte Europa y las novedades de la <a href=\"https:\/\/marie-sklodowska-curie-actions.ec.europa.eu\/calls\/msca-postdoctoral-fellowships-2025\" target=\"_blank\" rel=\"noopener\">convocatoria 2025<\/a> el pr\u00f3ximo <strong>martes <span style=\"color: #ff0000;\">11 de marzo<\/span> a las 11:00<\/strong>!<\/p>\n<p>Estas acciones financian la contrataci\u00f3n de candidatos postdoctorales, adem\u00e1s de ofrecerte la oportunidad de ser IP de un proyecto europeo del programa marco Horizonte Europa. La convocatoria 2025 cerrar\u00e1 el 10 de septiembre.<\/p>\n<p><span style=\"color: #333399;\"><em>\u00bfSabes cu\u00e1l es la diferencia entre una acci\u00f3n MSCA-PF de tipo European o de tipo Global? \u00bfSabes qu\u00e9 requisitos deben cumplir los candidatos?<\/em><\/span><\/p>\n<p>CPI EUROPE organiza esta <strong>sesi\u00f3n informativa virtual para personal investigador y gestor de la UPV<\/strong> para contaros aspectos clave y novedades, as\u00ed como los servicios de apoyo y asesoramiento que ofrecemos en la preparaci\u00f3n de propuestas. Tambi\u00e9n est\u00e1 dirigida a investigadores postdoc que quieran solicitar un proyecto MSCA PF con la <strong>UPV como entidad de acogida<\/strong>.<\/p>\n<p>La sesi\u00f3n contar\u00e1 con la <strong>participaci\u00f3n de investigadores con proyectos concedidos<\/strong> en la convocatoria 2024:<\/p>\n<ul>\n<li><strong>Gloria Gallego [CBIT] y Joel Gir\u00f3n<\/strong> (supervisora y candidato del <strong>proyecto SMartGut<\/strong>) &#8211; <span style=\"color: #008080;\"><strong>MSCA PF (European Fellowship)<\/strong><\/span><\/li>\n<li><strong>Jorge Bond\u00eda [ai2] y Clara Furi\u00f3<\/strong> (supervisor y candidata del <strong>proyecto<\/strong> <span data-olk-copy-source=\"MessageBody\"><strong>T1SIA<\/strong>) &#8211; <strong><span style=\"color: #008080;\">MSCA PF (Global Fellowship)<\/span><\/strong><\/span><\/li>\n<\/ul>\n<p>El <span style=\"color: #ff0000;\">registro <\/span>puede realizarse en el siguiente <span style=\"color: #ff0000;\"><strong><a style=\"color: #ff0000;\" href=\"https:\/\/forms.gle\/EicynHJQ7xwxC49CA\" target=\"_blank\" rel=\"noopener\">formulario<\/a><\/strong><\/span>.<\/p>\n<p>Puedes consultar la agenda aqu\u00ed: <a href=\"https:\/\/cpi-europe.upv.es\/wp-content\/uploads\/2025\/02\/Flyer-Sesion-informativa-MSCA-PF-2025-1.pdf\" target=\"_blank\" rel=\"noopener\">Flyer Sesi\u00f3n informativa MSCA PF 2025<\/a><\/p>\n<p>&nbsp;<\/p>\n","protected":false},"excerpt":{"rendered":"<p>\u00bfEres personal investigador en la UPV y te gustar\u00eda incorporar investigadores postdoctorales con talento y trayectoria internacional a tu equipo? \u00a1Conoce las oportunidades que te ofrece el programa MSCA Postdoctoral Fellowships de Horizonte Europa y las novedades de la convocatoria 2025 el pr\u00f3ximo martes 11 de marzo a las 11:00! Estas acciones financian la contrataci\u00f3n &hellip;<\/p>\n<p class=\"read-more\"> <a class=\"\" href=\"https:\/\/cpi-europe.upv.es\/val\/eventos\/sesion-informativa-msca-pf-2025-upv\/\"> <span class=\"screen-reader-text\">Sesi\u00f3n informativa MSCA PF 2025 [Investigadores UPV]<\/span> Read More \u00bb<\/a><\/p>\n","protected":false},"author":4,"featured_media":2612,"comment_status":"closed","ping_status":"closed","template":"","tags":[195,206],"mec_category":[14],"class_list":["post-3979","mec-events","type-mec-events","status-publish","has-post-thumbnail","hentry","tag-msca","tag-postdoctoral-fellowships","mec_category-propios"],"yoast_head":"<!-- This site is optimized with the Yoast SEO plugin v27.1.1 - https:\/\/yoast.com\/product\/yoast-seo-wordpress\/ -->\n<title>Sesi\u00f3n informativa MSCA PF 2025 [Investigadores UPV] | CPI EUROPE<\/title>\n<meta name=\"robots\" content=\"index, follow, max-snippet:-1, max-image-preview:large, max-video-preview:-1\" \/>\n<link rel=\"canonical\" href=\"https:\/\/cpi-europe.upv.es\/val\/eventos\/sesion-informativa-msca-pf-2025-upv\/\" \/>\n<meta property=\"og:locale\" content=\"en_US\" \/>\n<meta property=\"og:type\" content=\"article\" \/>\n<meta property=\"og:title\" content=\"Sesi\u00f3n informativa MSCA PF 2025 [Investigadores UPV] | CPI EUROPE\" \/>\n<meta property=\"og:description\" content=\"\u00bfEres personal investigador en la UPV y te gustar\u00eda incorporar investigadores postdoctorales con talento y trayectoria internacional a tu equipo? \u00a1Conoce las oportunidades que te ofrece el programa MSCA Postdoctoral Fellowships de Horizonte Europa y las novedades de la convocatoria 2025 el pr\u00f3ximo martes 11 de marzo a las 11:00! Estas acciones financian la contrataci\u00f3n &hellip; Sesi\u00f3n informativa MSCA PF 2025 [Investigadores UPV] Read More \u00bb\" \/>\n<meta property=\"og:url\" content=\"https:\/\/cpi-europe.upv.es\/val\/eventos\/sesion-informativa-msca-pf-2025-upv\/\" \/>\n<meta property=\"og:site_name\" content=\"CPI EUROPE\" \/>\n<meta property=\"article:publisher\" content=\"https:\/\/www.facebook.com\/UPV\" \/>\n<meta property=\"article:modified_time\" content=\"2025-02-27T09:07:20+00:00\" \/>\n<meta property=\"og:image\" content=\"https:\/\/cpi-europe.upv.es\/wp-content\/uploads\/2022\/04\/banner-mscaPF.png\" \/>\n\t<meta property=\"og:image:width\" content=\"592\" \/>\n\t<meta property=\"og:image:height\" content=\"341\" \/>\n\t<meta property=\"og:image:type\" content=\"image\/png\" \/>\n<meta name=\"twitter:card\" content=\"summary_large_image\" \/>\n<meta name=\"twitter:site\" content=\"@UPV\" \/>\n<meta name=\"twitter:label1\" content=\"Est. reading time\" \/>\n\t<meta name=\"twitter:data1\" content=\"2 minutes\" \/>\n<script type=\"application\/ld+json\" class=\"yoast-schema-graph\">{\"@context\":\"https:\/\/schema.org\",\"@graph\":[{\"@type\":\"WebPage\",\"@id\":\"https:\/\/cpi-europe.upv.es\/eventos\/sesion-informativa-msca-pf-2025-upv\/\",\"url\":\"https:\/\/cpi-europe.upv.es\/eventos\/sesion-informativa-msca-pf-2025-upv\/\",\"name\":\"Sesi\u00f3n informativa MSCA PF 2025 [Investigadores UPV] | CPI EUROPE\",\"isPartOf\":{\"@id\":\"https:\/\/cpi-europe.upv.es\/#website\"},\"primaryImageOfPage\":{\"@id\":\"https:\/\/cpi-europe.upv.es\/eventos\/sesion-informativa-msca-pf-2025-upv\/#primaryimage\"},\"image\":{\"@id\":\"https:\/\/cpi-europe.upv.es\/eventos\/sesion-informativa-msca-pf-2025-upv\/#primaryimage\"},\"thumbnailUrl\":\"https:\/\/cpi-europe.upv.es\/wp-content\/uploads\/2022\/04\/banner-mscaPF.png\",\"datePublished\":\"2025-02-17T11:20:45+00:00\",\"dateModified\":\"2025-02-27T09:07:20+00:00\",\"breadcrumb\":{\"@id\":\"https:\/\/cpi-europe.upv.es\/eventos\/sesion-informativa-msca-pf-2025-upv\/#breadcrumb\"},\"inLanguage\":\"va\",\"potentialAction\":[{\"@type\":\"ReadAction\",\"target\":[\"https:\/\/cpi-europe.upv.es\/eventos\/sesion-informativa-msca-pf-2025-upv\/\"]}]},{\"@type\":\"ImageObject\",\"inLanguage\":\"va\",\"@id\":\"https:\/\/cpi-europe.upv.es\/eventos\/sesion-informativa-msca-pf-2025-upv\/#primaryimage\",\"url\":\"https:\/\/cpi-europe.upv.es\/wp-content\/uploads\/2022\/04\/banner-mscaPF.png\",\"contentUrl\":\"https:\/\/cpi-europe.upv.es\/wp-content\/uploads\/2022\/04\/banner-mscaPF.png\",\"width\":592,\"height\":341},{\"@type\":\"BreadcrumbList\",\"@id\":\"https:\/\/cpi-europe.upv.es\/eventos\/sesion-informativa-msca-pf-2025-upv\/#breadcrumb\",\"itemListElement\":[{\"@type\":\"ListItem\",\"position\":1,\"name\":\"Portada\",\"item\":\"https:\/\/cpi-europe.upv.es\/\"},{\"@type\":\"ListItem\",\"position\":2,\"name\":\"Sesi\u00f3n informativa MSCA PF 2025 [Investigadores UPV]\"}]},{\"@type\":\"WebSite\",\"@id\":\"https:\/\/cpi-europe.upv.es\/#website\",\"url\":\"https:\/\/cpi-europe.upv.es\/\",\"name\":\"CPI EUROPE\",\"description\":\"\",\"publisher\":{\"@id\":\"https:\/\/cpi-europe.upv.es\/#organization\"},\"potentialAction\":[{\"@type\":\"SearchAction\",\"target\":{\"@type\":\"EntryPoint\",\"urlTemplate\":\"https:\/\/cpi-europe.upv.es\/?s={search_term_string}\"},\"query-input\":{\"@type\":\"PropertyValueSpecification\",\"valueRequired\":true,\"valueName\":\"search_term_string\"}}],\"inLanguage\":\"va\"},{\"@type\":\"Organization\",\"@id\":\"https:\/\/cpi-europe.upv.es\/#organization\",\"name\":\"CPI Europe\",\"url\":\"https:\/\/cpi-europe.upv.es\/\",\"logo\":{\"@type\":\"ImageObject\",\"inLanguage\":\"va\",\"@id\":\"https:\/\/cpi-europe.upv.es\/#\/schema\/logo\/image\/\",\"url\":\"https:\/\/cpi-europe.upv.es\/wp-content\/uploads\/2020\/12\/logo-cpi-web-ok.png\",\"contentUrl\":\"https:\/\/cpi-europe.upv.es\/wp-content\/uploads\/2020\/12\/logo-cpi-web-ok.png\",\"width\":869,\"height\":111,\"caption\":\"CPI Europe\"},\"image\":{\"@id\":\"https:\/\/cpi-europe.upv.es\/#\/schema\/logo\/image\/\"},\"sameAs\":[\"https:\/\/www.facebook.com\/UPV\",\"https:\/\/x.com\/UPV\",\"https:\/\/www.instagram.com\/instaUPV\/\"]}]}<\/script>\n<!-- \/ Yoast SEO plugin. -->","yoast_head_json":{"title":"Sesi\u00f3n informativa MSCA PF 2025 [Investigadores UPV] | CPI EUROPE","robots":{"index":"index","follow":"follow","max-snippet":"max-snippet:-1","max-image-preview":"max-image-preview:large","max-video-preview":"max-video-preview:-1"},"canonical":"https:\/\/cpi-europe.upv.es\/val\/eventos\/sesion-informativa-msca-pf-2025-upv\/","og_locale":"en_US","og_type":"article","og_title":"Sesi\u00f3n informativa MSCA PF 2025 [Investigadores UPV] | CPI EUROPE","og_description":"\u00bfEres personal investigador en la UPV y te gustar\u00eda incorporar investigadores postdoctorales con talento y trayectoria internacional a tu equipo? \u00a1Conoce las oportunidades que te ofrece el programa MSCA Postdoctoral Fellowships de Horizonte Europa y las novedades de la convocatoria 2025 el pr\u00f3ximo martes 11 de marzo a las 11:00! Estas acciones financian la contrataci\u00f3n &hellip; Sesi\u00f3n informativa MSCA PF 2025 [Investigadores UPV] Read More \u00bb","og_url":"https:\/\/cpi-europe.upv.es\/val\/eventos\/sesion-informativa-msca-pf-2025-upv\/","og_site_name":"CPI EUROPE","article_publisher":"https:\/\/www.facebook.com\/UPV","article_modified_time":"2025-02-27T09:07:20+00:00","og_image":[{"width":592,"height":341,"url":"https:\/\/cpi-europe.upv.es\/wp-content\/uploads\/2022\/04\/banner-mscaPF.png","type":"image\/png"}],"twitter_card":"summary_large_image","twitter_site":"@UPV","twitter_misc":{"Est. reading time":"2 minutes"},"schema":{"@context":"https:\/\/schema.org","@graph":[{"@type":"WebPage","@id":"https:\/\/cpi-europe.upv.es\/eventos\/sesion-informativa-msca-pf-2025-upv\/","url":"https:\/\/cpi-europe.upv.es\/eventos\/sesion-informativa-msca-pf-2025-upv\/","name":"Sesi\u00f3n informativa MSCA PF 2025 [Investigadores UPV] | CPI EUROPE","isPartOf":{"@id":"https:\/\/cpi-europe.upv.es\/#website"},"primaryImageOfPage":{"@id":"https:\/\/cpi-europe.upv.es\/eventos\/sesion-informativa-msca-pf-2025-upv\/#primaryimage"},"image":{"@id":"https:\/\/cpi-europe.upv.es\/eventos\/sesion-informativa-msca-pf-2025-upv\/#primaryimage"},"thumbnailUrl":"https:\/\/cpi-europe.upv.es\/wp-content\/uploads\/2022\/04\/banner-mscaPF.png","datePublished":"2025-02-17T11:20:45+00:00","dateModified":"2025-02-27T09:07:20+00:00","breadcrumb":{"@id":"https:\/\/cpi-europe.upv.es\/eventos\/sesion-informativa-msca-pf-2025-upv\/#breadcrumb"},"inLanguage":"va","potentialAction":[{"@type":"ReadAction","target":["https:\/\/cpi-europe.upv.es\/eventos\/sesion-informativa-msca-pf-2025-upv\/"]}]},{"@type":"ImageObject","inLanguage":"va","@id":"https:\/\/cpi-europe.upv.es\/eventos\/sesion-informativa-msca-pf-2025-upv\/#primaryimage","url":"https:\/\/cpi-europe.upv.es\/wp-content\/uploads\/2022\/04\/banner-mscaPF.png","contentUrl":"https:\/\/cpi-europe.upv.es\/wp-content\/uploads\/2022\/04\/banner-mscaPF.png","width":592,"height":341},{"@type":"BreadcrumbList","@id":"https:\/\/cpi-europe.upv.es\/eventos\/sesion-informativa-msca-pf-2025-upv\/#breadcrumb","itemListElement":[{"@type":"ListItem","position":1,"name":"Portada","item":"https:\/\/cpi-europe.upv.es\/"},{"@type":"ListItem","position":2,"name":"Sesi\u00f3n informativa MSCA PF 2025 [Investigadores UPV]"}]},{"@type":"WebSite","@id":"https:\/\/cpi-europe.upv.es\/#website","url":"https:\/\/cpi-europe.upv.es\/","name":"CPI EUROPE","description":"","publisher":{"@id":"https:\/\/cpi-europe.upv.es\/#organization"},"potentialAction":[{"@type":"SearchAction","target":{"@type":"EntryPoint","urlTemplate":"https:\/\/cpi-europe.upv.es\/?s={search_term_string}"},"query-input":{"@type":"PropertyValueSpecification","valueRequired":true,"valueName":"search_term_string"}}],"inLanguage":"va"},{"@type":"Organization","@id":"https:\/\/cpi-europe.upv.es\/#organization","name":"CPI Europe","url":"https:\/\/cpi-europe.upv.es\/","logo":{"@type":"ImageObject","inLanguage":"va","@id":"https:\/\/cpi-europe.upv.es\/#\/schema\/logo\/image\/","url":"https:\/\/cpi-europe.upv.es\/wp-content\/uploads\/2020\/12\/logo-cpi-web-ok.png","contentUrl":"https:\/\/cpi-europe.upv.es\/wp-content\/uploads\/2020\/12\/logo-cpi-web-ok.png","width":869,"height":111,"caption":"CPI Europe"},"image":{"@id":"https:\/\/cpi-europe.upv.es\/#\/schema\/logo\/image\/"},"sameAs":["https:\/\/www.facebook.com\/UPV","https:\/\/x.com\/UPV","https:\/\/www.instagram.com\/instaUPV\/"]}]}},"_links":{"self":[{"href":"https:\/\/cpi-europe.upv.es\/val\/wp-json\/wp\/v2\/mec-events\/3979","targetHints":{"allow":["GET"]}}],"collection":[{"href":"https:\/\/cpi-europe.upv.es\/val\/wp-json\/wp\/v2\/mec-events"}],"about":[{"href":"https:\/\/cpi-europe.upv.es\/val\/wp-json\/wp\/v2\/types\/mec-events"}],"author":[{"embeddable":true,"href":"https:\/\/cpi-europe.upv.es\/val\/wp-json\/wp\/v2\/users\/4"}],"replies":[{"embeddable":true,"href":"https:\/\/cpi-europe.upv.es\/val\/wp-json\/wp\/v2\/comments?post=3979"}],"wp:featuredmedia":[{"embeddable":true,"href":"https:\/\/cpi-europe.upv.es\/val\/wp-json\/wp\/v2\/media\/2612"}],"wp:attachment":[{"href":"https:\/\/cpi-europe.upv.es\/val\/wp-json\/wp\/v2\/media?parent=3979"}],"wp:term":[{"taxonomy":"post_tag","embeddable":true,"href":"https:\/\/cpi-europe.upv.es\/val\/wp-json\/wp\/v2\/tags?post=3979"},{"taxonomy":"mec_category","embeddable":true,"href":"https:\/\/cpi-europe.upv.es\/val\/wp-json\/wp\/v2\/mec_category?post=3979"}],"curies":[{"name":"wp","href":"https:\/\/api.w.org\/{rel}","templated":true}]}}