{"id":3753,"date":"2024-06-04T10:51:55","date_gmt":"2024-06-04T08:51:55","guid":{"rendered":"https:\/\/cpi-europe.upv.es\/eventos\/iii-jornada-cpi-europe-2024-copy\/"},"modified":"2024-06-04T10:58:48","modified_gmt":"2024-06-04T08:58:48","slug":"jornada-erc-upv-2024","status":"publish","type":"mec-events","link":"https:\/\/cpi-europe.upv.es\/val\/eventos\/jornada-erc-upv-2024\/","title":{"rendered":"Jornada Presentaci\u00f3n Plan de acci\u00f3n UPV ERC 2024-2025"},"content":{"rendered":"<p>En el marco del proyecto ELITE <em>\u201cEstrategia de Liderazgo de la Internacionalizaci\u00f3n de la I+D+I y Refuerzo de la Gesti\u00f3n de Proyectos Europeos\u201d<\/em> (proyecto GPE2023-001294-P), financiado por MICIU\/AEI\/10.13039\/501100011033, la UPV ha puesto en marcha un <strong>plan de acci\u00f3n para impulsar la participaci\u00f3n de la UPV en proyectos ERC de Horizon Europe<\/strong> que cuenta con la participaci\u00f3n de la empresa Kveloce especialista en el asesoramiento para la preparaci\u00f3n de proyectos a dichas convocatorias.<\/p>\n<p><strong>El pr\u00f3ximo 10 de junio<\/strong> tendr\u00e1 lugar una<strong> presentaci\u00f3n del mencionado plan de acci\u00f3n<\/strong> en la que se dar\u00e1 informaci\u00f3n sobre las convocatorias ERC, los servicios de apoyo a la preparaci\u00f3n de propuestas proporcionados por Kveloce y el procedimiento para solicitarlas.<\/p>\n<p>As\u00ed mismo se contar\u00e1 con la presencia de 2 investigadores de la UPV con proyectos ERC en marcha que contar\u00e1n su experiencia al respecto:<\/p>\n<ul>\n<li>Jose M. Adam (catedr\u00e1tico de la UPV e IP del proyecto ENDURE \u2013 ERC Consolidator Grant)<\/li>\n<li>Marcos Latorre (investigador distinguido de la UPV e IP del proyecto G-CIBERHEART \u2013 ERC Starting Grant).<\/li>\n<\/ul>\n<p>La jornada se ha organizado desde el Vicerrectorado de Investigaci\u00f3n, con la implicaci\u00f3n del Servicio de Gesti\u00f3n Operativa de la I+D+i y de CPI Europe.<\/p>\n<p><strong>La participaci\u00f3n es gratuita y presencial<\/strong>. Si est\u00e1s interesada\/o en participar puedes realizar la inscripci\u00f3n a trav\u00e9s del siguiente <a href=\"https:\/\/forms.gle\/LeZiUnDjsQfkcQgK6\" target=\"_blank\" rel=\"noopener\"><strong>enlace<\/strong><\/a>:<\/p>\n<p><u>El plazo para realizar la inscripci\u00f3n finaliza el 9 de junio de 2024.<\/u><\/p>\n<p>La agenda puede consultarse <a href=\"https:\/\/cpi-europe.upv.es\/wp-content\/uploads\/2024\/06\/AGENDA-PLAN-DE-ACCION-DE-LA-UPV-EN-ERC-2024-2025.pdf\">aqu\u00ed<\/a>.<\/p>","protected":false},"excerpt":{"rendered":"<p>En el marco del proyecto ELITE \u201cEstrategia de Liderazgo de la Internacionalizaci\u00f3n de la I+D+I y Refuerzo de la Gesti\u00f3n de Proyectos Europeos\u201d (proyecto GPE2023-001294-P), financiado por MICIU\/AEI\/10.13039\/501100011033, la UPV ha puesto en marcha un plan de acci\u00f3n para impulsar la participaci\u00f3n de la UPV en proyectos ERC de Horizon Europe que cuenta con la &hellip;<\/p>\n<p class=\"read-more\"> <a class=\"\" href=\"https:\/\/cpi-europe.upv.es\/val\/eventos\/jornada-erc-upv-2024\/\"> <span class=\"screen-reader-text\">Jornada Presentaci\u00f3n Plan de acci\u00f3n UPV ERC 2024-2025<\/span> Read More \u00bb<\/a><\/p>","protected":false},"author":4,"featured_media":2841,"comment_status":"closed","ping_status":"closed","template":"","tags":[118,30],"mec_category":[14],"class_list":["post-3753","mec-events","type-mec-events","status-publish","has-post-thumbnail","hentry","tag-erc","tag-horizon-europe","mec_category-propios"],"yoast_head":"<!-- This site is optimized with the Yoast SEO plugin v27.1.1 - https:\/\/yoast.com\/product\/yoast-seo-wordpress\/ -->\n<title>Jornada Presentaci\u00f3n Plan de acci\u00f3n UPV ERC 2024-2025 | CPI EUROPE<\/title>\n<meta name=\"robots\" content=\"index, follow, max-snippet:-1, max-image-preview:large, max-video-preview:-1\" \/>\n<link rel=\"canonical\" href=\"https:\/\/cpi-europe.upv.es\/val\/eventos\/jornada-erc-upv-2024\/\" \/>\n<meta property=\"og:locale\" content=\"en_US\" \/>\n<meta property=\"og:type\" content=\"article\" \/>\n<meta property=\"og:title\" content=\"Jornada Presentaci\u00f3n Plan de acci\u00f3n UPV ERC 2024-2025 | CPI EUROPE\" \/>\n<meta property=\"og:description\" content=\"En el marco del proyecto ELITE \u201cEstrategia de Liderazgo de la Internacionalizaci\u00f3n de la I+D+I y Refuerzo de la Gesti\u00f3n de Proyectos Europeos\u201d (proyecto GPE2023-001294-P), financiado por MICIU\/AEI\/10.13039\/501100011033, la UPV ha puesto en marcha un plan de acci\u00f3n para impulsar la participaci\u00f3n de la UPV en proyectos ERC de Horizon Europe que cuenta con la &hellip; Jornada Presentaci\u00f3n Plan de acci\u00f3n UPV ERC 2024-2025 Read More \u00bb\" \/>\n<meta property=\"og:url\" content=\"https:\/\/cpi-europe.upv.es\/val\/eventos\/jornada-erc-upv-2024\/\" \/>\n<meta property=\"og:site_name\" content=\"CPI EUROPE\" \/>\n<meta property=\"article:publisher\" content=\"https:\/\/www.facebook.com\/UPV\" \/>\n<meta property=\"article:modified_time\" content=\"2024-06-04T08:58:48+00:00\" \/>\n<meta property=\"og:image\" content=\"https:\/\/cpi-europe.upv.es\/wp-content\/uploads\/2022\/08\/print-erc-logo.webp\" \/>\n\t<meta property=\"og:image:width\" content=\"329\" \/>\n\t<meta property=\"og:image:height\" content=\"323\" \/>\n\t<meta property=\"og:image:type\" content=\"image\/webp\" \/>\n<meta name=\"twitter:card\" content=\"summary_large_image\" \/>\n<meta name=\"twitter:site\" content=\"@UPV\" \/>\n<meta name=\"twitter:label1\" content=\"Est. reading time\" \/>\n\t<meta name=\"twitter:data1\" content=\"2 minutes\" \/>\n<script type=\"application\/ld+json\" class=\"yoast-schema-graph\">{\"@context\":\"https:\/\/schema.org\",\"@graph\":[{\"@type\":\"WebPage\",\"@id\":\"https:\/\/cpi-europe.upv.es\/eventos\/jornada-erc-upv-2024\/\",\"url\":\"https:\/\/cpi-europe.upv.es\/eventos\/jornada-erc-upv-2024\/\",\"name\":\"Jornada Presentaci\u00f3n Plan de acci\u00f3n UPV ERC 2024-2025 | CPI EUROPE\",\"isPartOf\":{\"@id\":\"https:\/\/cpi-europe.upv.es\/#website\"},\"primaryImageOfPage\":{\"@id\":\"https:\/\/cpi-europe.upv.es\/eventos\/jornada-erc-upv-2024\/#primaryimage\"},\"image\":{\"@id\":\"https:\/\/cpi-europe.upv.es\/eventos\/jornada-erc-upv-2024\/#primaryimage\"},\"thumbnailUrl\":\"https:\/\/cpi-europe.upv.es\/wp-content\/uploads\/2022\/08\/print-erc-logo.webp\",\"datePublished\":\"2024-06-04T08:51:55+00:00\",\"dateModified\":\"2024-06-04T08:58:48+00:00\",\"breadcrumb\":{\"@id\":\"https:\/\/cpi-europe.upv.es\/eventos\/jornada-erc-upv-2024\/#breadcrumb\"},\"inLanguage\":\"va\",\"potentialAction\":[{\"@type\":\"ReadAction\",\"target\":[\"https:\/\/cpi-europe.upv.es\/eventos\/jornada-erc-upv-2024\/\"]}]},{\"@type\":\"ImageObject\",\"inLanguage\":\"va\",\"@id\":\"https:\/\/cpi-europe.upv.es\/eventos\/jornada-erc-upv-2024\/#primaryimage\",\"url\":\"https:\/\/cpi-europe.upv.es\/wp-content\/uploads\/2022\/08\/print-erc-logo.webp\",\"contentUrl\":\"https:\/\/cpi-europe.upv.es\/wp-content\/uploads\/2022\/08\/print-erc-logo.webp\",\"width\":329,\"height\":323},{\"@type\":\"BreadcrumbList\",\"@id\":\"https:\/\/cpi-europe.upv.es\/eventos\/jornada-erc-upv-2024\/#breadcrumb\",\"itemListElement\":[{\"@type\":\"ListItem\",\"position\":1,\"name\":\"Portada\",\"item\":\"https:\/\/cpi-europe.upv.es\/\"},{\"@type\":\"ListItem\",\"position\":2,\"name\":\"Jornada Presentaci\u00f3n Plan de acci\u00f3n UPV ERC 2024-2025\"}]},{\"@type\":\"WebSite\",\"@id\":\"https:\/\/cpi-europe.upv.es\/#website\",\"url\":\"https:\/\/cpi-europe.upv.es\/\",\"name\":\"CPI EUROPE\",\"description\":\"\",\"publisher\":{\"@id\":\"https:\/\/cpi-europe.upv.es\/#organization\"},\"potentialAction\":[{\"@type\":\"SearchAction\",\"target\":{\"@type\":\"EntryPoint\",\"urlTemplate\":\"https:\/\/cpi-europe.upv.es\/?s={search_term_string}\"},\"query-input\":{\"@type\":\"PropertyValueSpecification\",\"valueRequired\":true,\"valueName\":\"search_term_string\"}}],\"inLanguage\":\"va\"},{\"@type\":\"Organization\",\"@id\":\"https:\/\/cpi-europe.upv.es\/#organization\",\"name\":\"CPI Europe\",\"url\":\"https:\/\/cpi-europe.upv.es\/\",\"logo\":{\"@type\":\"ImageObject\",\"inLanguage\":\"va\",\"@id\":\"https:\/\/cpi-europe.upv.es\/#\/schema\/logo\/image\/\",\"url\":\"https:\/\/cpi-europe.upv.es\/wp-content\/uploads\/2020\/12\/logo-cpi-web-ok.png\",\"contentUrl\":\"https:\/\/cpi-europe.upv.es\/wp-content\/uploads\/2020\/12\/logo-cpi-web-ok.png\",\"width\":869,\"height\":111,\"caption\":\"CPI Europe\"},\"image\":{\"@id\":\"https:\/\/cpi-europe.upv.es\/#\/schema\/logo\/image\/\"},\"sameAs\":[\"https:\/\/www.facebook.com\/UPV\",\"https:\/\/x.com\/UPV\",\"https:\/\/www.instagram.com\/instaUPV\/\"]}]}<\/script>\n<!-- \/ Yoast SEO plugin. -->","yoast_head_json":{"title":"Jornada Presentaci\u00f3n Plan de acci\u00f3n UPV ERC 2024-2025 | CPI EUROPE","robots":{"index":"index","follow":"follow","max-snippet":"max-snippet:-1","max-image-preview":"max-image-preview:large","max-video-preview":"max-video-preview:-1"},"canonical":"https:\/\/cpi-europe.upv.es\/val\/eventos\/jornada-erc-upv-2024\/","og_locale":"en_US","og_type":"article","og_title":"Jornada Presentaci\u00f3n Plan de acci\u00f3n UPV ERC 2024-2025 | CPI EUROPE","og_description":"En el marco del proyecto ELITE \u201cEstrategia de Liderazgo de la Internacionalizaci\u00f3n de la I+D+I y Refuerzo de la Gesti\u00f3n de Proyectos Europeos\u201d (proyecto GPE2023-001294-P), financiado por MICIU\/AEI\/10.13039\/501100011033, la UPV ha puesto en marcha un plan de acci\u00f3n para impulsar la participaci\u00f3n de la UPV en proyectos ERC de Horizon Europe que cuenta con la &hellip; Jornada Presentaci\u00f3n Plan de acci\u00f3n UPV ERC 2024-2025 Read More \u00bb","og_url":"https:\/\/cpi-europe.upv.es\/val\/eventos\/jornada-erc-upv-2024\/","og_site_name":"CPI EUROPE","article_publisher":"https:\/\/www.facebook.com\/UPV","article_modified_time":"2024-06-04T08:58:48+00:00","og_image":[{"width":329,"height":323,"url":"https:\/\/cpi-europe.upv.es\/wp-content\/uploads\/2022\/08\/print-erc-logo.webp","type":"image\/webp"}],"twitter_card":"summary_large_image","twitter_site":"@UPV","twitter_misc":{"Est. reading time":"2 minutes"},"schema":{"@context":"https:\/\/schema.org","@graph":[{"@type":"WebPage","@id":"https:\/\/cpi-europe.upv.es\/eventos\/jornada-erc-upv-2024\/","url":"https:\/\/cpi-europe.upv.es\/eventos\/jornada-erc-upv-2024\/","name":"Jornada Presentaci\u00f3n Plan de acci\u00f3n UPV ERC 2024-2025 | CPI EUROPE","isPartOf":{"@id":"https:\/\/cpi-europe.upv.es\/#website"},"primaryImageOfPage":{"@id":"https:\/\/cpi-europe.upv.es\/eventos\/jornada-erc-upv-2024\/#primaryimage"},"image":{"@id":"https:\/\/cpi-europe.upv.es\/eventos\/jornada-erc-upv-2024\/#primaryimage"},"thumbnailUrl":"https:\/\/cpi-europe.upv.es\/wp-content\/uploads\/2022\/08\/print-erc-logo.webp","datePublished":"2024-06-04T08:51:55+00:00","dateModified":"2024-06-04T08:58:48+00:00","breadcrumb":{"@id":"https:\/\/cpi-europe.upv.es\/eventos\/jornada-erc-upv-2024\/#breadcrumb"},"inLanguage":"va","potentialAction":[{"@type":"ReadAction","target":["https:\/\/cpi-europe.upv.es\/eventos\/jornada-erc-upv-2024\/"]}]},{"@type":"ImageObject","inLanguage":"va","@id":"https:\/\/cpi-europe.upv.es\/eventos\/jornada-erc-upv-2024\/#primaryimage","url":"https:\/\/cpi-europe.upv.es\/wp-content\/uploads\/2022\/08\/print-erc-logo.webp","contentUrl":"https:\/\/cpi-europe.upv.es\/wp-content\/uploads\/2022\/08\/print-erc-logo.webp","width":329,"height":323},{"@type":"BreadcrumbList","@id":"https:\/\/cpi-europe.upv.es\/eventos\/jornada-erc-upv-2024\/#breadcrumb","itemListElement":[{"@type":"ListItem","position":1,"name":"Portada","item":"https:\/\/cpi-europe.upv.es\/"},{"@type":"ListItem","position":2,"name":"Jornada Presentaci\u00f3n Plan de acci\u00f3n UPV ERC 2024-2025"}]},{"@type":"WebSite","@id":"https:\/\/cpi-europe.upv.es\/#website","url":"https:\/\/cpi-europe.upv.es\/","name":"CPI EUROPE","description":"","publisher":{"@id":"https:\/\/cpi-europe.upv.es\/#organization"},"potentialAction":[{"@type":"SearchAction","target":{"@type":"EntryPoint","urlTemplate":"https:\/\/cpi-europe.upv.es\/?s={search_term_string}"},"query-input":{"@type":"PropertyValueSpecification","valueRequired":true,"valueName":"search_term_string"}}],"inLanguage":"va"},{"@type":"Organization","@id":"https:\/\/cpi-europe.upv.es\/#organization","name":"CPI Europe","url":"https:\/\/cpi-europe.upv.es\/","logo":{"@type":"ImageObject","inLanguage":"va","@id":"https:\/\/cpi-europe.upv.es\/#\/schema\/logo\/image\/","url":"https:\/\/cpi-europe.upv.es\/wp-content\/uploads\/2020\/12\/logo-cpi-web-ok.png","contentUrl":"https:\/\/cpi-europe.upv.es\/wp-content\/uploads\/2020\/12\/logo-cpi-web-ok.png","width":869,"height":111,"caption":"CPI Europe"},"image":{"@id":"https:\/\/cpi-europe.upv.es\/#\/schema\/logo\/image\/"},"sameAs":["https:\/\/www.facebook.com\/UPV","https:\/\/x.com\/UPV","https:\/\/www.instagram.com\/instaUPV\/"]}]}},"_links":{"self":[{"href":"https:\/\/cpi-europe.upv.es\/val\/wp-json\/wp\/v2\/mec-events\/3753","targetHints":{"allow":["GET"]}}],"collection":[{"href":"https:\/\/cpi-europe.upv.es\/val\/wp-json\/wp\/v2\/mec-events"}],"about":[{"href":"https:\/\/cpi-europe.upv.es\/val\/wp-json\/wp\/v2\/types\/mec-events"}],"author":[{"embeddable":true,"href":"https:\/\/cpi-europe.upv.es\/val\/wp-json\/wp\/v2\/users\/4"}],"replies":[{"embeddable":true,"href":"https:\/\/cpi-europe.upv.es\/val\/wp-json\/wp\/v2\/comments?post=3753"}],"wp:featuredmedia":[{"embeddable":true,"href":"https:\/\/cpi-europe.upv.es\/val\/wp-json\/wp\/v2\/media\/2841"}],"wp:attachment":[{"href":"https:\/\/cpi-europe.upv.es\/val\/wp-json\/wp\/v2\/media?parent=3753"}],"wp:term":[{"taxonomy":"post_tag","embeddable":true,"href":"https:\/\/cpi-europe.upv.es\/val\/wp-json\/wp\/v2\/tags?post=3753"},{"taxonomy":"mec_category","embeddable":true,"href":"https:\/\/cpi-europe.upv.es\/val\/wp-json\/wp\/v2\/mec_category?post=3753"}],"curies":[{"name":"wp","href":"https:\/\/api.w.org\/{rel}","templated":true}]}}