{"id":2866,"date":"2022-10-18T11:25:16","date_gmt":"2022-10-18T09:25:16","guid":{"rendered":"https:\/\/cpi-europe.upv.es\/?post_type=mec-events&#038;p=2866"},"modified":"2022-11-09T13:53:44","modified_gmt":"2022-11-09T12:53:44","slug":"infoday_cl5_2022_clima","status":"publish","type":"mec-events","link":"https:\/\/cpi-europe.upv.es\/val\/eventos\/infoday_cl5_2022_clima\/","title":{"rendered":"Infoday Europeo Cl\u00faster 5 \u00abClima, Energ\u00eda y Movilidad\u00bb"},"content":{"rendered":"<p><strong>Los d\u00edas 15 y 16 de diciembre de 2022<\/strong> tendr\u00e1 lugar online el <strong>Infoday Europeo <\/strong><strong>dedicado al Cl\u00faster 5 \u201cClima, Energ\u00eda y Movilidad\u201d <\/strong>de Horizonte Europa, organizado por la Comisi\u00f3n Europea.<\/p>\n<p>Para asistir <em>al infoday <\/em>no es necesario inscribirse. Se habilitar\u00e1 un enlace en la <a href=\"https:\/\/research-and-innovation.ec.europa.eu\/events\/horizon-europe-info-days\/cluster-5_en\">web del <em>Infoday<\/em><\/a> para conectarse a la Jornada.<\/p>\n<p>Adicionalmente, la red de Puntos Nacionales de Contacto organiza un<strong> Brokerage event el 15 de diciembre por la tarde<\/strong>. <strong>La asistencia al <em>Brokerage event <\/em>se tramita a trav\u00e9s de la inscripci\u00f3n en el siguiente enlace: <a href=\"https:\/\/research-and-innovation.ec.europa.eu\/events\/horizon-europe-info-days\/cluster-5_en\">Agenda e Inscripci\u00f3n<\/a>.<br \/>\n<\/strong><\/p>","protected":false},"excerpt":{"rendered":"<p>Los d\u00edas 15 y 16 de diciembre de 2022 tendr\u00e1 lugar online el Infoday Europeo dedicado al Cl\u00faster 5 \u201cClima, Energ\u00eda y Movilidad\u201d de Horizonte Europa, organizado por la Comisi\u00f3n Europea. Para asistir al infoday no es necesario inscribirse. Se habilitar\u00e1 un enlace en la web del Infoday para conectarse a la Jornada. Adicionalmente, la &hellip;<\/p>\n<p class=\"read-more\"> <a class=\"\" href=\"https:\/\/cpi-europe.upv.es\/val\/eventos\/infoday_cl5_2022_clima\/\"> <span class=\"screen-reader-text\">Infoday Europeo Cl\u00faster 5 \u00abClima, Energ\u00eda y Movilidad\u00bb<\/span> Read More \u00bb<\/a><\/p>","protected":false},"author":2,"featured_media":1166,"comment_status":"closed","ping_status":"closed","template":"","tags":[71,73,72,74,30,66,75,65,64],"mec_category":[15],"class_list":["post-2866","mec-events","type-mec-events","status-publish","has-post-thumbnail","hentry","tag-brokerage","tag-clima","tag-cluster-5","tag-energia","tag-horizon-europe","tag-jornada","tag-movilidad","tag-presencial","tag-webinar","mec_category-externos"],"yoast_head":"<!-- This site is optimized with the Yoast SEO plugin v27.1.1 - https:\/\/yoast.com\/product\/yoast-seo-wordpress\/ -->\n<title>Infoday Europeo Cl\u00faster 5 &quot;Clima, Energ\u00eda y Movilidad&quot; | CPI EUROPE<\/title>\n<meta name=\"robots\" content=\"index, follow, max-snippet:-1, max-image-preview:large, max-video-preview:-1\" \/>\n<link rel=\"canonical\" href=\"https:\/\/cpi-europe.upv.es\/val\/eventos\/infoday_cl5_2022_clima\/\" \/>\n<meta property=\"og:locale\" content=\"en_US\" \/>\n<meta property=\"og:type\" content=\"article\" \/>\n<meta property=\"og:title\" content=\"Infoday Europeo Cl\u00faster 5 &quot;Clima, Energ\u00eda y Movilidad&quot; | CPI EUROPE\" \/>\n<meta property=\"og:description\" content=\"Los d\u00edas 15 y 16 de diciembre de 2022 tendr\u00e1 lugar online el Infoday Europeo dedicado al Cl\u00faster 5 \u201cClima, Energ\u00eda y Movilidad\u201d de Horizonte Europa, organizado por la Comisi\u00f3n Europea. Para asistir al infoday no es necesario inscribirse. Se habilitar\u00e1 un enlace en la web del Infoday para conectarse a la Jornada. Adicionalmente, la &hellip; Infoday Europeo Cl\u00faster 5 \u00abClima, Energ\u00eda y Movilidad\u00bb Read More \u00bb\" \/>\n<meta property=\"og:url\" content=\"https:\/\/cpi-europe.upv.es\/val\/eventos\/infoday_cl5_2022_clima\/\" \/>\n<meta property=\"og:site_name\" content=\"CPI EUROPE\" \/>\n<meta property=\"article:publisher\" content=\"https:\/\/www.facebook.com\/UPV\" \/>\n<meta property=\"article:modified_time\" content=\"2022-11-09T12:53:44+00:00\" \/>\n<meta property=\"og:image\" content=\"https:\/\/cpi-europe.upv.es\/wp-content\/uploads\/2020\/12\/horizon-europe-launch-event-e1611841306405.jpg\" \/>\n\t<meta property=\"og:image:width\" content=\"870\" \/>\n\t<meta property=\"og:image:height\" content=\"435\" \/>\n\t<meta property=\"og:image:type\" content=\"image\/jpeg\" \/>\n<meta name=\"twitter:card\" content=\"summary_large_image\" \/>\n<meta name=\"twitter:site\" content=\"@UPV\" \/>\n<meta name=\"twitter:label1\" content=\"Est. reading time\" \/>\n\t<meta name=\"twitter:data1\" content=\"1 minute\" \/>\n<script type=\"application\/ld+json\" class=\"yoast-schema-graph\">{\"@context\":\"https:\/\/schema.org\",\"@graph\":[{\"@type\":\"WebPage\",\"@id\":\"https:\/\/cpi-europe.upv.es\/eventos\/infoday_cl5_2022_clima\/\",\"url\":\"https:\/\/cpi-europe.upv.es\/eventos\/infoday_cl5_2022_clima\/\",\"name\":\"Infoday Europeo Cl\u00faster 5 \\\"Clima, Energ\u00eda y Movilidad\\\" | CPI EUROPE\",\"isPartOf\":{\"@id\":\"https:\/\/cpi-europe.upv.es\/#website\"},\"primaryImageOfPage\":{\"@id\":\"https:\/\/cpi-europe.upv.es\/eventos\/infoday_cl5_2022_clima\/#primaryimage\"},\"image\":{\"@id\":\"https:\/\/cpi-europe.upv.es\/eventos\/infoday_cl5_2022_clima\/#primaryimage\"},\"thumbnailUrl\":\"https:\/\/cpi-europe.upv.es\/wp-content\/uploads\/2020\/12\/horizon-europe-launch-event-e1611841306405.jpg\",\"datePublished\":\"2022-10-18T09:25:16+00:00\",\"dateModified\":\"2022-11-09T12:53:44+00:00\",\"breadcrumb\":{\"@id\":\"https:\/\/cpi-europe.upv.es\/eventos\/infoday_cl5_2022_clima\/#breadcrumb\"},\"inLanguage\":\"va\",\"potentialAction\":[{\"@type\":\"ReadAction\",\"target\":[\"https:\/\/cpi-europe.upv.es\/eventos\/infoday_cl5_2022_clima\/\"]}]},{\"@type\":\"ImageObject\",\"inLanguage\":\"va\",\"@id\":\"https:\/\/cpi-europe.upv.es\/eventos\/infoday_cl5_2022_clima\/#primaryimage\",\"url\":\"https:\/\/cpi-europe.upv.es\/wp-content\/uploads\/2020\/12\/horizon-europe-launch-event-e1611841306405.jpg\",\"contentUrl\":\"https:\/\/cpi-europe.upv.es\/wp-content\/uploads\/2020\/12\/horizon-europe-launch-event-e1611841306405.jpg\",\"width\":870,\"height\":435},{\"@type\":\"BreadcrumbList\",\"@id\":\"https:\/\/cpi-europe.upv.es\/eventos\/infoday_cl5_2022_clima\/#breadcrumb\",\"itemListElement\":[{\"@type\":\"ListItem\",\"position\":1,\"name\":\"Portada\",\"item\":\"https:\/\/cpi-europe.upv.es\/\"},{\"@type\":\"ListItem\",\"position\":2,\"name\":\"Infoday Europeo Cl\u00faster 5 \u00abClima, Energ\u00eda y Movilidad\u00bb\"}]},{\"@type\":\"WebSite\",\"@id\":\"https:\/\/cpi-europe.upv.es\/#website\",\"url\":\"https:\/\/cpi-europe.upv.es\/\",\"name\":\"CPI EUROPE\",\"description\":\"\",\"publisher\":{\"@id\":\"https:\/\/cpi-europe.upv.es\/#organization\"},\"potentialAction\":[{\"@type\":\"SearchAction\",\"target\":{\"@type\":\"EntryPoint\",\"urlTemplate\":\"https:\/\/cpi-europe.upv.es\/?s={search_term_string}\"},\"query-input\":{\"@type\":\"PropertyValueSpecification\",\"valueRequired\":true,\"valueName\":\"search_term_string\"}}],\"inLanguage\":\"va\"},{\"@type\":\"Organization\",\"@id\":\"https:\/\/cpi-europe.upv.es\/#organization\",\"name\":\"CPI Europe\",\"url\":\"https:\/\/cpi-europe.upv.es\/\",\"logo\":{\"@type\":\"ImageObject\",\"inLanguage\":\"va\",\"@id\":\"https:\/\/cpi-europe.upv.es\/#\/schema\/logo\/image\/\",\"url\":\"https:\/\/cpi-europe.upv.es\/wp-content\/uploads\/2020\/12\/logo-cpi-web-ok.png\",\"contentUrl\":\"https:\/\/cpi-europe.upv.es\/wp-content\/uploads\/2020\/12\/logo-cpi-web-ok.png\",\"width\":869,\"height\":111,\"caption\":\"CPI Europe\"},\"image\":{\"@id\":\"https:\/\/cpi-europe.upv.es\/#\/schema\/logo\/image\/\"},\"sameAs\":[\"https:\/\/www.facebook.com\/UPV\",\"https:\/\/x.com\/UPV\",\"https:\/\/www.instagram.com\/instaUPV\/\"]}]}<\/script>\n<!-- \/ Yoast SEO plugin. -->","yoast_head_json":{"title":"Infoday Europeo Cl\u00faster 5 \"Clima, Energ\u00eda y Movilidad\" | CPI EUROPE","robots":{"index":"index","follow":"follow","max-snippet":"max-snippet:-1","max-image-preview":"max-image-preview:large","max-video-preview":"max-video-preview:-1"},"canonical":"https:\/\/cpi-europe.upv.es\/val\/eventos\/infoday_cl5_2022_clima\/","og_locale":"en_US","og_type":"article","og_title":"Infoday Europeo Cl\u00faster 5 \"Clima, Energ\u00eda y Movilidad\" | CPI EUROPE","og_description":"Los d\u00edas 15 y 16 de diciembre de 2022 tendr\u00e1 lugar online el Infoday Europeo dedicado al Cl\u00faster 5 \u201cClima, Energ\u00eda y Movilidad\u201d de Horizonte Europa, organizado por la Comisi\u00f3n Europea. Para asistir al infoday no es necesario inscribirse. Se habilitar\u00e1 un enlace en la web del Infoday para conectarse a la Jornada. Adicionalmente, la &hellip; Infoday Europeo Cl\u00faster 5 \u00abClima, Energ\u00eda y Movilidad\u00bb Read More \u00bb","og_url":"https:\/\/cpi-europe.upv.es\/val\/eventos\/infoday_cl5_2022_clima\/","og_site_name":"CPI EUROPE","article_publisher":"https:\/\/www.facebook.com\/UPV","article_modified_time":"2022-11-09T12:53:44+00:00","og_image":[{"width":870,"height":435,"url":"https:\/\/cpi-europe.upv.es\/wp-content\/uploads\/2020\/12\/horizon-europe-launch-event-e1611841306405.jpg","type":"image\/jpeg"}],"twitter_card":"summary_large_image","twitter_site":"@UPV","twitter_misc":{"Est. reading time":"1 minute"},"schema":{"@context":"https:\/\/schema.org","@graph":[{"@type":"WebPage","@id":"https:\/\/cpi-europe.upv.es\/eventos\/infoday_cl5_2022_clima\/","url":"https:\/\/cpi-europe.upv.es\/eventos\/infoday_cl5_2022_clima\/","name":"Infoday Europeo Cl\u00faster 5 \"Clima, Energ\u00eda y Movilidad\" | CPI EUROPE","isPartOf":{"@id":"https:\/\/cpi-europe.upv.es\/#website"},"primaryImageOfPage":{"@id":"https:\/\/cpi-europe.upv.es\/eventos\/infoday_cl5_2022_clima\/#primaryimage"},"image":{"@id":"https:\/\/cpi-europe.upv.es\/eventos\/infoday_cl5_2022_clima\/#primaryimage"},"thumbnailUrl":"https:\/\/cpi-europe.upv.es\/wp-content\/uploads\/2020\/12\/horizon-europe-launch-event-e1611841306405.jpg","datePublished":"2022-10-18T09:25:16+00:00","dateModified":"2022-11-09T12:53:44+00:00","breadcrumb":{"@id":"https:\/\/cpi-europe.upv.es\/eventos\/infoday_cl5_2022_clima\/#breadcrumb"},"inLanguage":"va","potentialAction":[{"@type":"ReadAction","target":["https:\/\/cpi-europe.upv.es\/eventos\/infoday_cl5_2022_clima\/"]}]},{"@type":"ImageObject","inLanguage":"va","@id":"https:\/\/cpi-europe.upv.es\/eventos\/infoday_cl5_2022_clima\/#primaryimage","url":"https:\/\/cpi-europe.upv.es\/wp-content\/uploads\/2020\/12\/horizon-europe-launch-event-e1611841306405.jpg","contentUrl":"https:\/\/cpi-europe.upv.es\/wp-content\/uploads\/2020\/12\/horizon-europe-launch-event-e1611841306405.jpg","width":870,"height":435},{"@type":"BreadcrumbList","@id":"https:\/\/cpi-europe.upv.es\/eventos\/infoday_cl5_2022_clima\/#breadcrumb","itemListElement":[{"@type":"ListItem","position":1,"name":"Portada","item":"https:\/\/cpi-europe.upv.es\/"},{"@type":"ListItem","position":2,"name":"Infoday Europeo Cl\u00faster 5 \u00abClima, Energ\u00eda y Movilidad\u00bb"}]},{"@type":"WebSite","@id":"https:\/\/cpi-europe.upv.es\/#website","url":"https:\/\/cpi-europe.upv.es\/","name":"CPI EUROPE","description":"","publisher":{"@id":"https:\/\/cpi-europe.upv.es\/#organization"},"potentialAction":[{"@type":"SearchAction","target":{"@type":"EntryPoint","urlTemplate":"https:\/\/cpi-europe.upv.es\/?s={search_term_string}"},"query-input":{"@type":"PropertyValueSpecification","valueRequired":true,"valueName":"search_term_string"}}],"inLanguage":"va"},{"@type":"Organization","@id":"https:\/\/cpi-europe.upv.es\/#organization","name":"CPI Europe","url":"https:\/\/cpi-europe.upv.es\/","logo":{"@type":"ImageObject","inLanguage":"va","@id":"https:\/\/cpi-europe.upv.es\/#\/schema\/logo\/image\/","url":"https:\/\/cpi-europe.upv.es\/wp-content\/uploads\/2020\/12\/logo-cpi-web-ok.png","contentUrl":"https:\/\/cpi-europe.upv.es\/wp-content\/uploads\/2020\/12\/logo-cpi-web-ok.png","width":869,"height":111,"caption":"CPI Europe"},"image":{"@id":"https:\/\/cpi-europe.upv.es\/#\/schema\/logo\/image\/"},"sameAs":["https:\/\/www.facebook.com\/UPV","https:\/\/x.com\/UPV","https:\/\/www.instagram.com\/instaUPV\/"]}]}},"_links":{"self":[{"href":"https:\/\/cpi-europe.upv.es\/val\/wp-json\/wp\/v2\/mec-events\/2866","targetHints":{"allow":["GET"]}}],"collection":[{"href":"https:\/\/cpi-europe.upv.es\/val\/wp-json\/wp\/v2\/mec-events"}],"about":[{"href":"https:\/\/cpi-europe.upv.es\/val\/wp-json\/wp\/v2\/types\/mec-events"}],"author":[{"embeddable":true,"href":"https:\/\/cpi-europe.upv.es\/val\/wp-json\/wp\/v2\/users\/2"}],"replies":[{"embeddable":true,"href":"https:\/\/cpi-europe.upv.es\/val\/wp-json\/wp\/v2\/comments?post=2866"}],"wp:featuredmedia":[{"embeddable":true,"href":"https:\/\/cpi-europe.upv.es\/val\/wp-json\/wp\/v2\/media\/1166"}],"wp:attachment":[{"href":"https:\/\/cpi-europe.upv.es\/val\/wp-json\/wp\/v2\/media?parent=2866"}],"wp:term":[{"taxonomy":"post_tag","embeddable":true,"href":"https:\/\/cpi-europe.upv.es\/val\/wp-json\/wp\/v2\/tags?post=2866"},{"taxonomy":"mec_category","embeddable":true,"href":"https:\/\/cpi-europe.upv.es\/val\/wp-json\/wp\/v2\/mec_category?post=2866"}],"curies":[{"name":"wp","href":"https:\/\/api.w.org\/{rel}","templated":true}]}}