{"id":1489,"date":"2021-05-17T15:29:36","date_gmt":"2021-05-17T13:29:36","guid":{"rendered":"https:\/\/cpi-europe.upv.es\/?post_type=mec-events&#038;p=1489"},"modified":"2021-05-17T15:34:11","modified_gmt":"2021-05-17T13:34:11","slug":"infotaller-regional-horizonte-europa-cluster-6","status":"publish","type":"mec-events","link":"https:\/\/cpi-europe.upv.es\/val\/eventos\/infotaller-regional-horizonte-europa-cluster-6\/","title":{"rendered":"Infotaller Regional Horizonte Europa Cl\u00faster 6"},"content":{"rendered":"<p>El Infotaller Regional tendr\u00e1 lugar el 25 de mayo y pretende complementar la informaci\u00f3n proporcionada durante el Infoday Nacional, resolviendo las dudas que surjan tras revisar en detalle el Programa de Trabajo, exponiendo casos de \u00e9xito inspiradores para las nuevas propuestas, presentando socios potenciales y organizando reuniones para revisar propuestas en preparaci\u00f3n con el NCP de CDTI.<\/p>\n<p>Los Infotalleres Regionales est\u00e1n organizados por la GVA, IVACE, REDIT (Red de Institutos Tecnol\u00f3gicos de la Comunitat Valenciana) y SEIMED.<\/p>\n<p>Para m\u00e1s informaci\u00f3n, puede consultarse este <a href=\"https:\/\/www.redit.es\/events\/infotaller-regional-horizonte-europa-alimentacion-bioeconomia-recursos-naturales-agricultura-y-medio-ambiente\/\" target=\"_blank\" rel=\"noopener\">enlace<\/a>.<\/p>\n<p>&nbsp;<\/p>","protected":false},"excerpt":{"rendered":"<p>El Infotaller Regional tendr\u00e1 lugar el 25 de mayo y pretende complementar la informaci\u00f3n proporcionada durante el Infoday Nacional, resolviendo las dudas que surjan tras revisar en detalle el Programa de Trabajo, exponiendo casos de \u00e9xito inspiradores para las nuevas propuestas, presentando socios potenciales y organizando reuniones para revisar propuestas en preparaci\u00f3n con el NCP &hellip;<\/p>\n<p class=\"read-more\"> <a class=\"\" href=\"https:\/\/cpi-europe.upv.es\/val\/eventos\/infotaller-regional-horizonte-europa-cluster-6\/\"> <span class=\"screen-reader-text\">Infotaller Regional Horizonte Europa Cl\u00faster 6<\/span> Read More \u00bb<\/a><\/p>","protected":false},"author":4,"featured_media":1493,"comment_status":"closed","ping_status":"closed","template":"","tags":[],"mec_category":[15],"class_list":["post-1489","mec-events","type-mec-events","status-publish","has-post-thumbnail","hentry","mec_category-externos"],"yoast_head":"<!-- This site is optimized with the Yoast SEO plugin v27.1.1 - https:\/\/yoast.com\/product\/yoast-seo-wordpress\/ -->\n<title>Infotaller Regional Horizonte Europa Cl\u00faster 6 | CPI EUROPE<\/title>\n<meta name=\"robots\" content=\"index, follow, max-snippet:-1, max-image-preview:large, max-video-preview:-1\" \/>\n<link rel=\"canonical\" href=\"https:\/\/cpi-europe.upv.es\/val\/eventos\/infotaller-regional-horizonte-europa-cluster-6\/\" \/>\n<meta property=\"og:locale\" content=\"en_US\" \/>\n<meta property=\"og:type\" content=\"article\" \/>\n<meta property=\"og:title\" content=\"Infotaller Regional Horizonte Europa Cl\u00faster 6 | CPI EUROPE\" \/>\n<meta property=\"og:description\" content=\"El Infotaller Regional tendr\u00e1 lugar el 25 de mayo y pretende complementar la informaci\u00f3n proporcionada durante el Infoday Nacional, resolviendo las dudas que surjan tras revisar en detalle el Programa de Trabajo, exponiendo casos de \u00e9xito inspiradores para las nuevas propuestas, presentando socios potenciales y organizando reuniones para revisar propuestas en preparaci\u00f3n con el NCP &hellip; Infotaller Regional Horizonte Europa Cl\u00faster 6 Read More \u00bb\" \/>\n<meta property=\"og:url\" content=\"https:\/\/cpi-europe.upv.es\/val\/eventos\/infotaller-regional-horizonte-europa-cluster-6\/\" \/>\n<meta property=\"og:site_name\" content=\"CPI EUROPE\" \/>\n<meta property=\"article:publisher\" content=\"https:\/\/www.facebook.com\/UPV\" \/>\n<meta property=\"article:modified_time\" content=\"2021-05-17T13:34:11+00:00\" \/>\n<meta property=\"og:image\" content=\"https:\/\/cpi-europe.upv.es\/wp-content\/uploads\/2021\/05\/info.png\" \/>\n\t<meta property=\"og:image:width\" content=\"767\" \/>\n\t<meta property=\"og:image:height\" content=\"606\" \/>\n\t<meta property=\"og:image:type\" content=\"image\/png\" \/>\n<meta name=\"twitter:card\" content=\"summary_large_image\" \/>\n<meta name=\"twitter:site\" content=\"@UPV\" \/>\n<meta name=\"twitter:label1\" content=\"Est. reading time\" \/>\n\t<meta name=\"twitter:data1\" content=\"1 minute\" \/>\n<script type=\"application\/ld+json\" class=\"yoast-schema-graph\">{\"@context\":\"https:\/\/schema.org\",\"@graph\":[{\"@type\":\"WebPage\",\"@id\":\"https:\/\/cpi-europe.upv.es\/eventos\/infotaller-regional-horizonte-europa-cluster-6\/\",\"url\":\"https:\/\/cpi-europe.upv.es\/eventos\/infotaller-regional-horizonte-europa-cluster-6\/\",\"name\":\"Infotaller Regional Horizonte Europa Cl\u00faster 6 | CPI EUROPE\",\"isPartOf\":{\"@id\":\"https:\/\/cpi-europe.upv.es\/#website\"},\"primaryImageOfPage\":{\"@id\":\"https:\/\/cpi-europe.upv.es\/eventos\/infotaller-regional-horizonte-europa-cluster-6\/#primaryimage\"},\"image\":{\"@id\":\"https:\/\/cpi-europe.upv.es\/eventos\/infotaller-regional-horizonte-europa-cluster-6\/#primaryimage\"},\"thumbnailUrl\":\"https:\/\/cpi-europe.upv.es\/wp-content\/uploads\/2021\/05\/info.png\",\"datePublished\":\"2021-05-17T13:29:36+00:00\",\"dateModified\":\"2021-05-17T13:34:11+00:00\",\"breadcrumb\":{\"@id\":\"https:\/\/cpi-europe.upv.es\/eventos\/infotaller-regional-horizonte-europa-cluster-6\/#breadcrumb\"},\"inLanguage\":\"va\",\"potentialAction\":[{\"@type\":\"ReadAction\",\"target\":[\"https:\/\/cpi-europe.upv.es\/eventos\/infotaller-regional-horizonte-europa-cluster-6\/\"]}]},{\"@type\":\"ImageObject\",\"inLanguage\":\"va\",\"@id\":\"https:\/\/cpi-europe.upv.es\/eventos\/infotaller-regional-horizonte-europa-cluster-6\/#primaryimage\",\"url\":\"https:\/\/cpi-europe.upv.es\/wp-content\/uploads\/2021\/05\/info.png\",\"contentUrl\":\"https:\/\/cpi-europe.upv.es\/wp-content\/uploads\/2021\/05\/info.png\",\"width\":767,\"height\":606},{\"@type\":\"BreadcrumbList\",\"@id\":\"https:\/\/cpi-europe.upv.es\/eventos\/infotaller-regional-horizonte-europa-cluster-6\/#breadcrumb\",\"itemListElement\":[{\"@type\":\"ListItem\",\"position\":1,\"name\":\"Portada\",\"item\":\"https:\/\/cpi-europe.upv.es\/\"},{\"@type\":\"ListItem\",\"position\":2,\"name\":\"Infotaller Regional Horizonte Europa Cl\u00faster 6\"}]},{\"@type\":\"WebSite\",\"@id\":\"https:\/\/cpi-europe.upv.es\/#website\",\"url\":\"https:\/\/cpi-europe.upv.es\/\",\"name\":\"CPI EUROPE\",\"description\":\"\",\"publisher\":{\"@id\":\"https:\/\/cpi-europe.upv.es\/#organization\"},\"potentialAction\":[{\"@type\":\"SearchAction\",\"target\":{\"@type\":\"EntryPoint\",\"urlTemplate\":\"https:\/\/cpi-europe.upv.es\/?s={search_term_string}\"},\"query-input\":{\"@type\":\"PropertyValueSpecification\",\"valueRequired\":true,\"valueName\":\"search_term_string\"}}],\"inLanguage\":\"va\"},{\"@type\":\"Organization\",\"@id\":\"https:\/\/cpi-europe.upv.es\/#organization\",\"name\":\"CPI Europe\",\"url\":\"https:\/\/cpi-europe.upv.es\/\",\"logo\":{\"@type\":\"ImageObject\",\"inLanguage\":\"va\",\"@id\":\"https:\/\/cpi-europe.upv.es\/#\/schema\/logo\/image\/\",\"url\":\"https:\/\/cpi-europe.upv.es\/wp-content\/uploads\/2020\/12\/logo-cpi-web-ok.png\",\"contentUrl\":\"https:\/\/cpi-europe.upv.es\/wp-content\/uploads\/2020\/12\/logo-cpi-web-ok.png\",\"width\":869,\"height\":111,\"caption\":\"CPI Europe\"},\"image\":{\"@id\":\"https:\/\/cpi-europe.upv.es\/#\/schema\/logo\/image\/\"},\"sameAs\":[\"https:\/\/www.facebook.com\/UPV\",\"https:\/\/x.com\/UPV\",\"https:\/\/www.instagram.com\/instaUPV\/\"]}]}<\/script>\n<!-- \/ Yoast SEO plugin. -->","yoast_head_json":{"title":"Infotaller Regional Horizonte Europa Cl\u00faster 6 | CPI EUROPE","robots":{"index":"index","follow":"follow","max-snippet":"max-snippet:-1","max-image-preview":"max-image-preview:large","max-video-preview":"max-video-preview:-1"},"canonical":"https:\/\/cpi-europe.upv.es\/val\/eventos\/infotaller-regional-horizonte-europa-cluster-6\/","og_locale":"en_US","og_type":"article","og_title":"Infotaller Regional Horizonte Europa Cl\u00faster 6 | CPI EUROPE","og_description":"El Infotaller Regional tendr\u00e1 lugar el 25 de mayo y pretende complementar la informaci\u00f3n proporcionada durante el Infoday Nacional, resolviendo las dudas que surjan tras revisar en detalle el Programa de Trabajo, exponiendo casos de \u00e9xito inspiradores para las nuevas propuestas, presentando socios potenciales y organizando reuniones para revisar propuestas en preparaci\u00f3n con el NCP &hellip; Infotaller Regional Horizonte Europa Cl\u00faster 6 Read More \u00bb","og_url":"https:\/\/cpi-europe.upv.es\/val\/eventos\/infotaller-regional-horizonte-europa-cluster-6\/","og_site_name":"CPI EUROPE","article_publisher":"https:\/\/www.facebook.com\/UPV","article_modified_time":"2021-05-17T13:34:11+00:00","og_image":[{"width":767,"height":606,"url":"https:\/\/cpi-europe.upv.es\/wp-content\/uploads\/2021\/05\/info.png","type":"image\/png"}],"twitter_card":"summary_large_image","twitter_site":"@UPV","twitter_misc":{"Est. reading time":"1 minute"},"schema":{"@context":"https:\/\/schema.org","@graph":[{"@type":"WebPage","@id":"https:\/\/cpi-europe.upv.es\/eventos\/infotaller-regional-horizonte-europa-cluster-6\/","url":"https:\/\/cpi-europe.upv.es\/eventos\/infotaller-regional-horizonte-europa-cluster-6\/","name":"Infotaller Regional Horizonte Europa Cl\u00faster 6 | CPI EUROPE","isPartOf":{"@id":"https:\/\/cpi-europe.upv.es\/#website"},"primaryImageOfPage":{"@id":"https:\/\/cpi-europe.upv.es\/eventos\/infotaller-regional-horizonte-europa-cluster-6\/#primaryimage"},"image":{"@id":"https:\/\/cpi-europe.upv.es\/eventos\/infotaller-regional-horizonte-europa-cluster-6\/#primaryimage"},"thumbnailUrl":"https:\/\/cpi-europe.upv.es\/wp-content\/uploads\/2021\/05\/info.png","datePublished":"2021-05-17T13:29:36+00:00","dateModified":"2021-05-17T13:34:11+00:00","breadcrumb":{"@id":"https:\/\/cpi-europe.upv.es\/eventos\/infotaller-regional-horizonte-europa-cluster-6\/#breadcrumb"},"inLanguage":"va","potentialAction":[{"@type":"ReadAction","target":["https:\/\/cpi-europe.upv.es\/eventos\/infotaller-regional-horizonte-europa-cluster-6\/"]}]},{"@type":"ImageObject","inLanguage":"va","@id":"https:\/\/cpi-europe.upv.es\/eventos\/infotaller-regional-horizonte-europa-cluster-6\/#primaryimage","url":"https:\/\/cpi-europe.upv.es\/wp-content\/uploads\/2021\/05\/info.png","contentUrl":"https:\/\/cpi-europe.upv.es\/wp-content\/uploads\/2021\/05\/info.png","width":767,"height":606},{"@type":"BreadcrumbList","@id":"https:\/\/cpi-europe.upv.es\/eventos\/infotaller-regional-horizonte-europa-cluster-6\/#breadcrumb","itemListElement":[{"@type":"ListItem","position":1,"name":"Portada","item":"https:\/\/cpi-europe.upv.es\/"},{"@type":"ListItem","position":2,"name":"Infotaller Regional Horizonte Europa Cl\u00faster 6"}]},{"@type":"WebSite","@id":"https:\/\/cpi-europe.upv.es\/#website","url":"https:\/\/cpi-europe.upv.es\/","name":"CPI EUROPE","description":"","publisher":{"@id":"https:\/\/cpi-europe.upv.es\/#organization"},"potentialAction":[{"@type":"SearchAction","target":{"@type":"EntryPoint","urlTemplate":"https:\/\/cpi-europe.upv.es\/?s={search_term_string}"},"query-input":{"@type":"PropertyValueSpecification","valueRequired":true,"valueName":"search_term_string"}}],"inLanguage":"va"},{"@type":"Organization","@id":"https:\/\/cpi-europe.upv.es\/#organization","name":"CPI Europe","url":"https:\/\/cpi-europe.upv.es\/","logo":{"@type":"ImageObject","inLanguage":"va","@id":"https:\/\/cpi-europe.upv.es\/#\/schema\/logo\/image\/","url":"https:\/\/cpi-europe.upv.es\/wp-content\/uploads\/2020\/12\/logo-cpi-web-ok.png","contentUrl":"https:\/\/cpi-europe.upv.es\/wp-content\/uploads\/2020\/12\/logo-cpi-web-ok.png","width":869,"height":111,"caption":"CPI Europe"},"image":{"@id":"https:\/\/cpi-europe.upv.es\/#\/schema\/logo\/image\/"},"sameAs":["https:\/\/www.facebook.com\/UPV","https:\/\/x.com\/UPV","https:\/\/www.instagram.com\/instaUPV\/"]}]}},"_links":{"self":[{"href":"https:\/\/cpi-europe.upv.es\/val\/wp-json\/wp\/v2\/mec-events\/1489","targetHints":{"allow":["GET"]}}],"collection":[{"href":"https:\/\/cpi-europe.upv.es\/val\/wp-json\/wp\/v2\/mec-events"}],"about":[{"href":"https:\/\/cpi-europe.upv.es\/val\/wp-json\/wp\/v2\/types\/mec-events"}],"author":[{"embeddable":true,"href":"https:\/\/cpi-europe.upv.es\/val\/wp-json\/wp\/v2\/users\/4"}],"replies":[{"embeddable":true,"href":"https:\/\/cpi-europe.upv.es\/val\/wp-json\/wp\/v2\/comments?post=1489"}],"wp:featuredmedia":[{"embeddable":true,"href":"https:\/\/cpi-europe.upv.es\/val\/wp-json\/wp\/v2\/media\/1493"}],"wp:attachment":[{"href":"https:\/\/cpi-europe.upv.es\/val\/wp-json\/wp\/v2\/media?parent=1489"}],"wp:term":[{"taxonomy":"post_tag","embeddable":true,"href":"https:\/\/cpi-europe.upv.es\/val\/wp-json\/wp\/v2\/tags?post=1489"},{"taxonomy":"mec_category","embeddable":true,"href":"https:\/\/cpi-europe.upv.es\/val\/wp-json\/wp\/v2\/mec_category?post=1489"}],"curies":[{"name":"wp","href":"https:\/\/api.w.org\/{rel}","templated":true}]}}