{"id":1294,"date":"2021-02-04T11:07:26","date_gmt":"2021-02-04T10:07:26","guid":{"rendered":"http:\/\/cpi-europe.upv.es\/?post_type=mec-events&#038;p=1294"},"modified":"2021-03-26T14:33:57","modified_gmt":"2021-03-26T13:33:57","slug":"jornada-cpi-europe-2021-oportunidades-green-deal-upv","status":"publish","type":"mec-events","link":"https:\/\/cpi-europe.upv.es\/val\/eventos\/jornada-cpi-europe-2021-oportunidades-green-deal-upv\/","title":{"rendered":"I Jornada CPI EUROPE"},"content":{"rendered":"<p><strong>&#8212; <\/strong><strong>OPORTUNIDADES DE COLABORACI\u00d3N EN HORIZON EUROPE VINCULADAS A GREEN DEAL &#8212;<\/strong><\/p>\n<p><strong>CPI EUROPE<\/strong> organiza el <strong>11 de marzo de 2021<\/strong> una <strong>jornada<\/strong> para promover la participaci\u00f3n de la UPV en proyectos relacionados con el Green Deal y la colaboraci\u00f3n con empresas y entidades en diversos \u00e1mbitos. Durante la jornada se presentar\u00e1n ejemplos de proyectos y actividades relevantes. Adem\u00e1s, se discutir\u00e1n las oportunidades contando con la participaci\u00f3n de entidades destacadas.<\/p>\n<p>La <strong>agenda <\/strong>del evento puede descargarse en este <strong><a href=\"https:\/\/bit.ly\/3a0ohkK\" target=\"_blank\" rel=\"noopener noreferrer\">enlace<\/a><\/strong>.<\/p>\n<p>INFORMACI\u00d3N COMPLEMENTARIA:<\/p>\n<p>Puede consultar la\u00a0<strong>grabaci\u00f3n<\/strong>\u00a0del evento en los siguientes enlaces:<\/p>\n<ul>\n<li><a href=\"https:\/\/upvedues-my.sharepoint.com\/:v:\/g\/personal\/mpiza_upv_edu_es\/EeT32orj1ANOh_8WF1MelXYBbbCL4LhbH6Jb61dos7Nlfg?e=WhOd1V\" target=\"_blank\" rel=\"noopener noreferrer\">Bloque 1<\/a> \u2013 Inauguraci\u00f3n por parte de Jos\u00e9 Capilla, Vicerrector; \u201cCPI EUROPE: Boosting UPV in Horizon Europe\u201d por Ana-Cruz Garc\u00eda y \u201cPacto Verde\u00a0 Europeo:\u00a0 Oportunidades\u00a0 en Horizon Europe\u201d por Lydia Gonz\u00e1lez (CDTI).<\/li>\n<li><a href=\"https:\/\/upvedues-my.sharepoint.com\/:v:\/g\/personal\/mpiza_upv_edu_es\/ESIim0I-8j5AiNjaXXIUVs8BYaGI-d2yzyJ_zuoKGcR7tQ?e=0YTPwz\" target=\"_blank\" rel=\"noopener noreferrer\">Bloque 2<\/a> \u2013 Casos de \u00e9xito (Alianzas en Green Deal, Proyectos MatchUP y GoNexus).<\/li>\n<li><a href=\"https:\/\/upvedues-my.sharepoint.com\/:v:\/g\/personal\/mpiza_upv_edu_es\/EXHZul_sdE1MtP6Z2I9v2usBQ1D95eLhEWASv4-JOHn05g?e=cXFVM4\" target=\"_blank\" rel=\"noopener noreferrer\">Bloque 3<\/a> \u2013 Mesa redonda con entidades invitadas y clausura de la jornada por Salvador Coll, Director de la Fundaci\u00f3n CPI.<\/li>\n<\/ul>\n<p>A continuaci\u00f3n se incluyen los enlaces a las <strong>presentaciones<\/strong> de la jornada:<\/p>\n<ul>\n<li>\u201cInauguraci\u00f3n: La UPV en Horizon 2020\u201d \u2013 Jos\u00e9 E. Capilla Rom\u00e1, Vicerrector de Investigaci\u00f3n, Innovaci\u00f3n y Transferencia, UPV &gt;&gt; <a href=\"https:\/\/upvedues-my.sharepoint.com\/:b:\/g\/personal\/mpiza_upv_edu_es\/Eer6yH8IABJLr4xN_3doJMkBurI5RbTC-J1dkflyklyf3g?e=yMCBYB\" target=\"_blank\" rel=\"noopener noreferrer\">PDF<\/a><\/li>\n<li>\u201cCPI EUROPE: Boosting UPV in Horizon Europe\u201d &#8211; Ana-Cruz Garc\u00eda Belenguer, CPI EUROPE <a href=\"https:\/\/upvedues-my.sharepoint.com\/:b:\/g\/personal\/mpiza_upv_edu_es\/ERynKD1UmT9Fo5HN8vD2w4cBJdIKCB4Dd21QciIwyjwXew?e=8ulnfa\" target=\"_blank\" rel=\"noopener noreferrer\">PDF<\/a><\/li>\n<li>\u201cPacto Verde Europeo: Oportunidades en Horizon Europe\u201d \u2013 Lydia Gonz\u00e1lez, CDTI <a href=\"https:\/\/upvedues-my.sharepoint.com\/:b:\/g\/personal\/mpiza_upv_edu_es\/ESdBCSehD8RCmXOfQuU4wzsB_zRO2CeDyzioGdYCzBLgvQ?e=VramD1\" target=\"_blank\" rel=\"noopener noreferrer\">PDF<\/a><\/li>\n<li>\u201cEquipos multidisciplinares y alianzas en Green Deal\u201d \u2013 Javier Orozco, UPV <a href=\"https:\/\/upvedues-my.sharepoint.com\/:b:\/g\/personal\/mpiza_upv_edu_es\/EdfXe3Z6vEJAjBXV4xkN_1oBrIlv_9qSgf3v-EnOdgZWXA?e=XX8jHE\" target=\"_blank\" rel=\"noopener noreferrer\">PDF<\/a><\/li>\n<li>\u201cProyecto MatchUp\u201d \u2013 Gema Roig, Las Naves <a href=\"https:\/\/upvedues-my.sharepoint.com\/:b:\/g\/personal\/mpiza_upv_edu_es\/EVSLD6K5iO9FovF3iG216qMBUlCxl92EEoRX2Q95Vlyahg?e=rPzQTd\" target=\"_blank\" rel=\"noopener noreferrer\">PDF<\/a><\/li>\n<li>\u201cProyecto GoNexus\u201d \u2013 Manuel Pulido, UPV <a href=\"https:\/\/upvedues-my.sharepoint.com\/:b:\/g\/personal\/mpiza_upv_edu_es\/EQrcFRGApL9MvWimr0KOIo4B5wSRQ8L1gHM7w7E_ak-MpA?e=ufVfNK\" target=\"_blank\" rel=\"noopener noreferrer\">PDF<\/a><br \/>\nMesa redonda:<\/li>\n<li>Gema Roig \u2013 Las Naves <a href=\"https:\/\/upvedues-my.sharepoint.com\/:b:\/g\/personal\/mpiza_upv_edu_es\/EeMxTr1KGDhFr1bvwh0E9tcBv-tIO8AqIJz14McP04ja0g?e=RlOn3o\" target=\"_blank\" rel=\"noopener noreferrer\">PDF<\/a><\/li>\n<li>Simona Neri \u2013 IRIS <a href=\"https:\/\/upvedues-my.sharepoint.com\/:b:\/g\/personal\/mpiza_upv_edu_es\/EVBBD0Oz6eNGjPyLBo8xJX8BZSr2BbDXMg2N6ZDSnta0hQ?e=UBOab9\" target=\"_blank\" rel=\"noopener noreferrer\">PDF<\/a><\/li>\n<li>\u00d3scar Ruiz \u2013 ITENE <a href=\"https:\/\/upvedues-my.sharepoint.com\/:b:\/g\/personal\/mpiza_upv_edu_es\/EV7G9ud38ftHrpozpa3Ar_ABB3enkvcOQNGbjK2fn9phKQ?e=zTAoQI\" target=\"_blank\" rel=\"noopener noreferrer\">PDF<\/a><\/li>\n<li>Miriam Navarro \u2013 IVE <a href=\"https:\/\/upvedues-my.sharepoint.com\/:b:\/g\/personal\/mpiza_upv_edu_es\/EWiTFPdFZZ1Jmsda9FkP1UkBnwlZeXFmB4RO8tBMJEhb1w?e=6UyCh5\" target=\"_blank\" rel=\"noopener noreferrer\">PDF<\/a><\/li>\n<\/ul>","protected":false},"excerpt":{"rendered":"<p>&#8212; OPORTUNIDADES DE COLABORACI\u00d3N EN HORIZON EUROPE VINCULADAS A GREEN DEAL &#8212; CPI EUROPE organiza el 11 de marzo de 2021 una jornada para promover la participaci\u00f3n de la UPV en proyectos relacionados con el Green Deal y la colaboraci\u00f3n con empresas y entidades en diversos \u00e1mbitos. Durante la jornada se presentar\u00e1n ejemplos de proyectos &hellip;<\/p>\n<p class=\"read-more\"> <a class=\"\" href=\"https:\/\/cpi-europe.upv.es\/val\/eventos\/jornada-cpi-europe-2021-oportunidades-green-deal-upv\/\"> <span class=\"screen-reader-text\">I Jornada CPI EUROPE<\/span> Read More \u00bb<\/a><\/p>","protected":false},"author":4,"featured_media":1299,"comment_status":"closed","ping_status":"closed","template":"","tags":[],"mec_category":[14],"class_list":["post-1294","mec-events","type-mec-events","status-publish","has-post-thumbnail","hentry","mec_category-propios"],"yoast_head":"<!-- This site is optimized with the Yoast SEO plugin v27.1.1 - https:\/\/yoast.com\/product\/yoast-seo-wordpress\/ -->\n<title>I Jornada CPI EUROPE | CPI EUROPE<\/title>\n<meta name=\"robots\" content=\"index, follow, max-snippet:-1, max-image-preview:large, max-video-preview:-1\" \/>\n<link rel=\"canonical\" href=\"https:\/\/cpi-europe.upv.es\/val\/eventos\/jornada-cpi-europe-2021-oportunidades-green-deal-upv\/\" \/>\n<meta property=\"og:locale\" content=\"en_US\" \/>\n<meta property=\"og:type\" content=\"article\" \/>\n<meta property=\"og:title\" content=\"I Jornada CPI EUROPE | CPI EUROPE\" \/>\n<meta property=\"og:description\" content=\"&#8212; OPORTUNIDADES DE COLABORACI\u00d3N EN HORIZON EUROPE VINCULADAS A GREEN DEAL &#8212; CPI EUROPE organiza el 11 de marzo de 2021 una jornada para promover la participaci\u00f3n de la UPV en proyectos relacionados con el Green Deal y la colaboraci\u00f3n con empresas y entidades en diversos \u00e1mbitos. Durante la jornada se presentar\u00e1n ejemplos de proyectos &hellip; I Jornada CPI EUROPE Read More \u00bb\" \/>\n<meta property=\"og:url\" content=\"https:\/\/cpi-europe.upv.es\/val\/eventos\/jornada-cpi-europe-2021-oportunidades-green-deal-upv\/\" \/>\n<meta property=\"og:site_name\" content=\"CPI EUROPE\" \/>\n<meta property=\"article:publisher\" content=\"https:\/\/www.facebook.com\/UPV\" \/>\n<meta property=\"article:modified_time\" content=\"2021-03-26T13:33:57+00:00\" \/>\n<meta property=\"og:image\" content=\"https:\/\/cpi-europe.upv.es\/wp-content\/uploads\/2021\/02\/imagen-UPV-GD-4-3-1.png\" \/>\n\t<meta property=\"og:image:width\" content=\"352\" \/>\n\t<meta property=\"og:image:height\" content=\"265\" \/>\n\t<meta property=\"og:image:type\" content=\"image\/png\" \/>\n<meta name=\"twitter:card\" content=\"summary_large_image\" \/>\n<meta name=\"twitter:site\" content=\"@UPV\" \/>\n<meta name=\"twitter:label1\" content=\"Est. reading time\" \/>\n\t<meta name=\"twitter:data1\" content=\"2 minutes\" \/>\n<script type=\"application\/ld+json\" class=\"yoast-schema-graph\">{\"@context\":\"https:\/\/schema.org\",\"@graph\":[{\"@type\":\"WebPage\",\"@id\":\"https:\/\/cpi-europe.upv.es\/eventos\/jornada-cpi-europe-2021-oportunidades-green-deal-upv\/\",\"url\":\"https:\/\/cpi-europe.upv.es\/eventos\/jornada-cpi-europe-2021-oportunidades-green-deal-upv\/\",\"name\":\"I Jornada CPI EUROPE | CPI EUROPE\",\"isPartOf\":{\"@id\":\"https:\/\/cpi-europe.upv.es\/#website\"},\"primaryImageOfPage\":{\"@id\":\"https:\/\/cpi-europe.upv.es\/eventos\/jornada-cpi-europe-2021-oportunidades-green-deal-upv\/#primaryimage\"},\"image\":{\"@id\":\"https:\/\/cpi-europe.upv.es\/eventos\/jornada-cpi-europe-2021-oportunidades-green-deal-upv\/#primaryimage\"},\"thumbnailUrl\":\"https:\/\/cpi-europe.upv.es\/wp-content\/uploads\/2021\/02\/imagen-UPV-GD-4-3-1.png\",\"datePublished\":\"2021-02-04T10:07:26+00:00\",\"dateModified\":\"2021-03-26T13:33:57+00:00\",\"breadcrumb\":{\"@id\":\"https:\/\/cpi-europe.upv.es\/eventos\/jornada-cpi-europe-2021-oportunidades-green-deal-upv\/#breadcrumb\"},\"inLanguage\":\"va\",\"potentialAction\":[{\"@type\":\"ReadAction\",\"target\":[\"https:\/\/cpi-europe.upv.es\/eventos\/jornada-cpi-europe-2021-oportunidades-green-deal-upv\/\"]}]},{\"@type\":\"ImageObject\",\"inLanguage\":\"va\",\"@id\":\"https:\/\/cpi-europe.upv.es\/eventos\/jornada-cpi-europe-2021-oportunidades-green-deal-upv\/#primaryimage\",\"url\":\"https:\/\/cpi-europe.upv.es\/wp-content\/uploads\/2021\/02\/imagen-UPV-GD-4-3-1.png\",\"contentUrl\":\"https:\/\/cpi-europe.upv.es\/wp-content\/uploads\/2021\/02\/imagen-UPV-GD-4-3-1.png\",\"width\":352,\"height\":265},{\"@type\":\"BreadcrumbList\",\"@id\":\"https:\/\/cpi-europe.upv.es\/eventos\/jornada-cpi-europe-2021-oportunidades-green-deal-upv\/#breadcrumb\",\"itemListElement\":[{\"@type\":\"ListItem\",\"position\":1,\"name\":\"Portada\",\"item\":\"https:\/\/cpi-europe.upv.es\/\"},{\"@type\":\"ListItem\",\"position\":2,\"name\":\"I Jornada CPI EUROPE\"}]},{\"@type\":\"WebSite\",\"@id\":\"https:\/\/cpi-europe.upv.es\/#website\",\"url\":\"https:\/\/cpi-europe.upv.es\/\",\"name\":\"CPI EUROPE\",\"description\":\"\",\"publisher\":{\"@id\":\"https:\/\/cpi-europe.upv.es\/#organization\"},\"potentialAction\":[{\"@type\":\"SearchAction\",\"target\":{\"@type\":\"EntryPoint\",\"urlTemplate\":\"https:\/\/cpi-europe.upv.es\/?s={search_term_string}\"},\"query-input\":{\"@type\":\"PropertyValueSpecification\",\"valueRequired\":true,\"valueName\":\"search_term_string\"}}],\"inLanguage\":\"va\"},{\"@type\":\"Organization\",\"@id\":\"https:\/\/cpi-europe.upv.es\/#organization\",\"name\":\"CPI Europe\",\"url\":\"https:\/\/cpi-europe.upv.es\/\",\"logo\":{\"@type\":\"ImageObject\",\"inLanguage\":\"va\",\"@id\":\"https:\/\/cpi-europe.upv.es\/#\/schema\/logo\/image\/\",\"url\":\"https:\/\/cpi-europe.upv.es\/wp-content\/uploads\/2020\/12\/logo-cpi-web-ok.png\",\"contentUrl\":\"https:\/\/cpi-europe.upv.es\/wp-content\/uploads\/2020\/12\/logo-cpi-web-ok.png\",\"width\":869,\"height\":111,\"caption\":\"CPI Europe\"},\"image\":{\"@id\":\"https:\/\/cpi-europe.upv.es\/#\/schema\/logo\/image\/\"},\"sameAs\":[\"https:\/\/www.facebook.com\/UPV\",\"https:\/\/x.com\/UPV\",\"https:\/\/www.instagram.com\/instaUPV\/\"]}]}<\/script>\n<!-- \/ Yoast SEO plugin. -->","yoast_head_json":{"title":"I Jornada CPI EUROPE | CPI EUROPE","robots":{"index":"index","follow":"follow","max-snippet":"max-snippet:-1","max-image-preview":"max-image-preview:large","max-video-preview":"max-video-preview:-1"},"canonical":"https:\/\/cpi-europe.upv.es\/val\/eventos\/jornada-cpi-europe-2021-oportunidades-green-deal-upv\/","og_locale":"en_US","og_type":"article","og_title":"I Jornada CPI EUROPE | CPI EUROPE","og_description":"&#8212; OPORTUNIDADES DE COLABORACI\u00d3N EN HORIZON EUROPE VINCULADAS A GREEN DEAL &#8212; CPI EUROPE organiza el 11 de marzo de 2021 una jornada para promover la participaci\u00f3n de la UPV en proyectos relacionados con el Green Deal y la colaboraci\u00f3n con empresas y entidades en diversos \u00e1mbitos. Durante la jornada se presentar\u00e1n ejemplos de proyectos &hellip; I Jornada CPI EUROPE Read More \u00bb","og_url":"https:\/\/cpi-europe.upv.es\/val\/eventos\/jornada-cpi-europe-2021-oportunidades-green-deal-upv\/","og_site_name":"CPI EUROPE","article_publisher":"https:\/\/www.facebook.com\/UPV","article_modified_time":"2021-03-26T13:33:57+00:00","og_image":[{"width":352,"height":265,"url":"https:\/\/cpi-europe.upv.es\/wp-content\/uploads\/2021\/02\/imagen-UPV-GD-4-3-1.png","type":"image\/png"}],"twitter_card":"summary_large_image","twitter_site":"@UPV","twitter_misc":{"Est. reading time":"2 minutes"},"schema":{"@context":"https:\/\/schema.org","@graph":[{"@type":"WebPage","@id":"https:\/\/cpi-europe.upv.es\/eventos\/jornada-cpi-europe-2021-oportunidades-green-deal-upv\/","url":"https:\/\/cpi-europe.upv.es\/eventos\/jornada-cpi-europe-2021-oportunidades-green-deal-upv\/","name":"I Jornada CPI EUROPE | CPI EUROPE","isPartOf":{"@id":"https:\/\/cpi-europe.upv.es\/#website"},"primaryImageOfPage":{"@id":"https:\/\/cpi-europe.upv.es\/eventos\/jornada-cpi-europe-2021-oportunidades-green-deal-upv\/#primaryimage"},"image":{"@id":"https:\/\/cpi-europe.upv.es\/eventos\/jornada-cpi-europe-2021-oportunidades-green-deal-upv\/#primaryimage"},"thumbnailUrl":"https:\/\/cpi-europe.upv.es\/wp-content\/uploads\/2021\/02\/imagen-UPV-GD-4-3-1.png","datePublished":"2021-02-04T10:07:26+00:00","dateModified":"2021-03-26T13:33:57+00:00","breadcrumb":{"@id":"https:\/\/cpi-europe.upv.es\/eventos\/jornada-cpi-europe-2021-oportunidades-green-deal-upv\/#breadcrumb"},"inLanguage":"va","potentialAction":[{"@type":"ReadAction","target":["https:\/\/cpi-europe.upv.es\/eventos\/jornada-cpi-europe-2021-oportunidades-green-deal-upv\/"]}]},{"@type":"ImageObject","inLanguage":"va","@id":"https:\/\/cpi-europe.upv.es\/eventos\/jornada-cpi-europe-2021-oportunidades-green-deal-upv\/#primaryimage","url":"https:\/\/cpi-europe.upv.es\/wp-content\/uploads\/2021\/02\/imagen-UPV-GD-4-3-1.png","contentUrl":"https:\/\/cpi-europe.upv.es\/wp-content\/uploads\/2021\/02\/imagen-UPV-GD-4-3-1.png","width":352,"height":265},{"@type":"BreadcrumbList","@id":"https:\/\/cpi-europe.upv.es\/eventos\/jornada-cpi-europe-2021-oportunidades-green-deal-upv\/#breadcrumb","itemListElement":[{"@type":"ListItem","position":1,"name":"Portada","item":"https:\/\/cpi-europe.upv.es\/"},{"@type":"ListItem","position":2,"name":"I Jornada CPI EUROPE"}]},{"@type":"WebSite","@id":"https:\/\/cpi-europe.upv.es\/#website","url":"https:\/\/cpi-europe.upv.es\/","name":"CPI EUROPE","description":"","publisher":{"@id":"https:\/\/cpi-europe.upv.es\/#organization"},"potentialAction":[{"@type":"SearchAction","target":{"@type":"EntryPoint","urlTemplate":"https:\/\/cpi-europe.upv.es\/?s={search_term_string}"},"query-input":{"@type":"PropertyValueSpecification","valueRequired":true,"valueName":"search_term_string"}}],"inLanguage":"va"},{"@type":"Organization","@id":"https:\/\/cpi-europe.upv.es\/#organization","name":"CPI Europe","url":"https:\/\/cpi-europe.upv.es\/","logo":{"@type":"ImageObject","inLanguage":"va","@id":"https:\/\/cpi-europe.upv.es\/#\/schema\/logo\/image\/","url":"https:\/\/cpi-europe.upv.es\/wp-content\/uploads\/2020\/12\/logo-cpi-web-ok.png","contentUrl":"https:\/\/cpi-europe.upv.es\/wp-content\/uploads\/2020\/12\/logo-cpi-web-ok.png","width":869,"height":111,"caption":"CPI Europe"},"image":{"@id":"https:\/\/cpi-europe.upv.es\/#\/schema\/logo\/image\/"},"sameAs":["https:\/\/www.facebook.com\/UPV","https:\/\/x.com\/UPV","https:\/\/www.instagram.com\/instaUPV\/"]}]}},"_links":{"self":[{"href":"https:\/\/cpi-europe.upv.es\/val\/wp-json\/wp\/v2\/mec-events\/1294","targetHints":{"allow":["GET"]}}],"collection":[{"href":"https:\/\/cpi-europe.upv.es\/val\/wp-json\/wp\/v2\/mec-events"}],"about":[{"href":"https:\/\/cpi-europe.upv.es\/val\/wp-json\/wp\/v2\/types\/mec-events"}],"author":[{"embeddable":true,"href":"https:\/\/cpi-europe.upv.es\/val\/wp-json\/wp\/v2\/users\/4"}],"replies":[{"embeddable":true,"href":"https:\/\/cpi-europe.upv.es\/val\/wp-json\/wp\/v2\/comments?post=1294"}],"wp:featuredmedia":[{"embeddable":true,"href":"https:\/\/cpi-europe.upv.es\/val\/wp-json\/wp\/v2\/media\/1299"}],"wp:attachment":[{"href":"https:\/\/cpi-europe.upv.es\/val\/wp-json\/wp\/v2\/media?parent=1294"}],"wp:term":[{"taxonomy":"post_tag","embeddable":true,"href":"https:\/\/cpi-europe.upv.es\/val\/wp-json\/wp\/v2\/tags?post=1294"},{"taxonomy":"mec_category","embeddable":true,"href":"https:\/\/cpi-europe.upv.es\/val\/wp-json\/wp\/v2\/mec_category?post=1294"}],"curies":[{"name":"wp","href":"https:\/\/api.w.org\/{rel}","templated":true}]}}