{"version":"1.0","provider_name":"CPI EUROPE","provider_url":"https:\/\/cpi-europe.upv.es\/val","author_name":"Jessica Castillo","author_url":"https:\/\/cpi-europe.upv.es\/val\/author\/jecasrod\/","title":"Infoday Regional \"Cl\u00faster 6\" y \"Cl\u00faster 5 - Clima\" | CPI EUROPE","type":"rich","width":600,"height":338,"html":"<blockquote class=\"wp-embedded-content\" data-secret=\"pboFm3sTLC\"><a href=\"https:\/\/cpi-europe.upv.es\/val\/eventos\/jornada-regional-cl6-2023\/\">Infoday Regional \u00abCl\u00faster 6\u00bb y \u00abCl\u00faster 5 &#8211; Clima\u00bb<\/a><\/blockquote><iframe sandbox=\"allow-scripts\" security=\"restricted\" src=\"https:\/\/cpi-europe.upv.es\/val\/eventos\/jornada-regional-cl6-2023\/embed\/#?secret=pboFm3sTLC\" width=\"600\" height=\"338\" title=\"&#8220;Infoday Regional \u00abCl\u00faster 6\u00bb y \u00abCl\u00faster 5 &#8211; Clima\u00bb&#8221; &#8212; CPI EUROPE\" data-secret=\"pboFm3sTLC\" frameborder=\"0\" marginwidth=\"0\" marginheight=\"0\" scrolling=\"no\" class=\"wp-embedded-content\"><\/iframe><script>\n\/*! This file is auto-generated *\/\n!function(d,l){\"use strict\";l.querySelector&&d.addEventListener&&\"undefined\"!=typeof URL&&(d.wp=d.wp||{},d.wp.receiveEmbedMessage||(d.wp.receiveEmbedMessage=function(e){var t=e.data;if((t||t.secret||t.message||t.value)&&!\/[^a-zA-Z0-9]\/.test(t.secret)){for(var s,r,n,a=l.querySelectorAll('iframe[data-secret=\"'+t.secret+'\"]'),o=l.querySelectorAll('blockquote[data-secret=\"'+t.secret+'\"]'),c=new RegExp(\"^https?:$\",\"i\"),i=0;i<o.length;i++)o[i].style.display=\"none\";for(i=0;i<a.length;i++)s=a[i],e.source===s.contentWindow&&(s.removeAttribute(\"style\"),\"height\"===t.message?(1e3<(r=parseInt(t.value,10))?r=1e3:~~r<200&&(r=200),s.height=r):\"link\"===t.message&&(r=new URL(s.getAttribute(\"src\")),n=new URL(t.value),c.test(n.protocol))&&n.host===r.host&&l.activeElement===s&&(d.top.location.href=t.value))}},d.addEventListener(\"message\",d.wp.receiveEmbedMessage,!1),l.addEventListener(\"DOMContentLoaded\",function(){for(var e,t,s=l.querySelectorAll(\"iframe.wp-embedded-content\"),r=0;r<s.length;r++)(t=(e=s[r]).getAttribute(\"data-secret\"))||(t=Math.random().toString(36).substring(2,12),e.src+=\"#?secret=\"+t,e.setAttribute(\"data-secret\",t)),e.contentWindow.postMessage({message:\"ready\",secret:t},\"*\")},!1)))}(window,document);\n\/\/# sourceURL=https:\/\/cpi-europe.upv.es\/wp-includes\/js\/wp-embed.min.js\n<\/script>","thumbnail_url":"https:\/\/cpi-europe.upv.es\/wp-content\/uploads\/2023\/12\/cl6.png","thumbnail_width":1590,"thumbnail_height":2169,"description":"REDIT, en colaboraci\u00f3n con CDTI, organiza el Infoday Regional sobre el Cl\u00faster 5 (Clima) y Cl\u00faster 6 (Alimentaci\u00f3n, Bioeconom\u00eda, Recursos Naturales, Agricultura y Medio Ambiente) de Horizonte Europa, en el marco de la Estrategia de la Generalitat Valenciana de coordinaci\u00f3n nacional y regional en I+D+i, que tendr\u00e1 lugar el 20 de diciembre en Valencia. Durante &hellip;  Read More \u00bb"}