{"id":4369,"date":"2026-01-26T17:13:51","date_gmt":"2026-01-26T16:13:51","guid":{"rendered":"https:\/\/cpi-europe.upv.es\/?post_type=mec-events&#038;p=4369"},"modified":"2026-01-26T17:19:13","modified_gmt":"2026-01-26T16:19:13","slug":"infoday-nacional-cl3-2026","status":"publish","type":"mec-events","link":"https:\/\/cpi-europe.upv.es\/en\/eventos\/infoday-nacional-cl3-2026\/","title":{"rendered":"Jornada informativa nacional 2026 Cl\u00faster 3 Seguridad Civil para la Sociedad"},"content":{"rendered":"<div class=\"field field--name-field-informacion-previa field--type-text-long field--label-hidden field--item\">\n<p>CDTI organiza el 23 de febrero la Jornada Informativa Nacional del Cl\u00faster 3 de Horizonte Europa (Seguridad civil para la sociedad), en la que se presentar\u00e1n las l\u00edneas que se financiar\u00e1n durante la convocatoria 2026 de dicha tem\u00e1tica, as\u00ed como los aspectos m\u00e1s relevantes en la preparaci\u00f3n de propuestas, con el objetivo de maximizar la participaci\u00f3n espa\u00f1ola en las convocatorias colaborativas.<\/p>\n<p>Se podr\u00e1n solicitar reuniones bilaterales con los Puntos nacionales de contacto de la tem\u00e1tica, para el encaje de ideas y revisi\u00f3n de propuestas. La solicitud de estas reuniones debe realizarse por e-mail a maite.boyero@cdti.es antes del 15 de febrero de 2026.<\/p>\n<p>La jornada ser\u00e1 en formato exclusivamente <strong>presencial (sede de CDTI)<\/strong>. Imprescindible inscripci\u00f3n hasta el <span style=\"color: #ff0000;\">22 de febrero.<\/span><\/p>\n<p>Toda la informaci\u00f3n y registro en el siguiente <a href=\"https:\/\/eventos.cdti.es\/agenda\/20260223_InfodayCL3\" target=\"_blank\" rel=\"noopener\"><strong>enlace<\/strong><\/a>.<\/p>\n<p>&nbsp;<\/p>\n<hr \/>\n<p><strong>Agenda:<\/strong><\/p>\n<ul>\n<li>09:30 \u2013 09:45 Bienvenida<\/li>\n<li>09:45 \u2013 10:05 Aspectos estrat\u00e9gicos de Cl\u00faster 3 (\u201cSeguridad civil para la sociedad\u201d)<\/li>\n<li>10:05 \u2013 10:25 Principales novedades\u00a0 (PT 2026-2027) y posicionamiento de Espa\u00f1a en dicho programa<\/li>\n<li>10:25 \u2013 11:15 Convocatoria 2026<\/li>\n<li>11:15 \u2013 11:45 Pausa<\/li>\n<li>11:45 \u2013 12:45 El proceso de participaci\u00f3n<\/li>\n<li>12:45 \u2013 13:45 El proceso de evaluaci\u00f3n<\/li>\n<li>13:45 \u2013 14:00 Dudas y preguntas. Conclusiones de la jornada.<\/li>\n<\/ul>\n<\/div>\n<hr \/>\n<p>&nbsp;<\/p>","protected":false},"excerpt":{"rendered":"<p>CDTI organiza el 23 de febrero la Jornada Informativa Nacional del Cl\u00faster 3 de Horizonte Europa (Seguridad civil para la sociedad), en la que se presentar\u00e1n las l\u00edneas que se financiar\u00e1n durante la convocatoria 2026 de dicha tem\u00e1tica, as\u00ed como los aspectos m\u00e1s relevantes en la preparaci\u00f3n de propuestas, con el objetivo de maximizar la &hellip;<\/p>\n<p class=\"read-more\"> <a class=\"\" href=\"https:\/\/cpi-europe.upv.es\/en\/eventos\/infoday-nacional-cl3-2026\/\"> <span class=\"screen-reader-text\">Jornada informativa nacional 2026 Cl\u00faster 3 Seguridad Civil para la Sociedad<\/span> Read More \u00bb<\/a><\/p>","protected":false},"author":4,"featured_media":1738,"comment_status":"closed","ping_status":"closed","template":"","tags":[433,30],"mec_category":[15],"class_list":["post-4369","mec-events","type-mec-events","status-publish","has-post-thumbnail","hentry","tag-cluster-3","tag-horizon-europe","mec_category-externos"],"yoast_head":"<!-- This site is optimized with the Yoast SEO plugin v27.1.1 - https:\/\/yoast.com\/product\/yoast-seo-wordpress\/ -->\n<title>Jornada informativa nacional 2026 Cl\u00faster 3 Seguridad Civil para la Sociedad | CPI EUROPE<\/title>\n<meta name=\"robots\" content=\"index, follow, max-snippet:-1, max-image-preview:large, max-video-preview:-1\" \/>\n<link rel=\"canonical\" href=\"https:\/\/cpi-europe.upv.es\/en\/eventos\/infoday-nacional-cl3-2026\/\" \/>\n<meta property=\"og:locale\" content=\"en_GB\" \/>\n<meta property=\"og:type\" content=\"article\" \/>\n<meta property=\"og:title\" content=\"Jornada informativa nacional 2026 Cl\u00faster 3 Seguridad Civil para la Sociedad | CPI EUROPE\" \/>\n<meta property=\"og:description\" content=\"CDTI organiza el 23 de febrero la Jornada Informativa Nacional del Cl\u00faster 3 de Horizonte Europa (Seguridad civil para la sociedad), en la que se presentar\u00e1n las l\u00edneas que se financiar\u00e1n durante la convocatoria 2026 de dicha tem\u00e1tica, as\u00ed como los aspectos m\u00e1s relevantes en la preparaci\u00f3n de propuestas, con el objetivo de maximizar la &hellip; Jornada informativa nacional 2026 Cl\u00faster 3 Seguridad Civil para la Sociedad Read More \u00bb\" \/>\n<meta property=\"og:url\" content=\"https:\/\/cpi-europe.upv.es\/en\/eventos\/infoday-nacional-cl3-2026\/\" \/>\n<meta property=\"og:site_name\" content=\"CPI EUROPE\" \/>\n<meta property=\"article:publisher\" content=\"https:\/\/www.facebook.com\/UPV\" \/>\n<meta property=\"article:modified_time\" content=\"2026-01-26T16:19:13+00:00\" \/>\n<meta property=\"og:image\" content=\"https:\/\/cpi-europe.upv.es\/wp-content\/uploads\/2021\/10\/he.jpg\" \/>\n\t<meta property=\"og:image:width\" content=\"480\" \/>\n\t<meta property=\"og:image:height\" content=\"480\" \/>\n\t<meta property=\"og:image:type\" content=\"image\/jpeg\" \/>\n<meta name=\"twitter:card\" content=\"summary_large_image\" \/>\n<meta name=\"twitter:site\" content=\"@UPV\" \/>\n<meta name=\"twitter:label1\" content=\"Estimated reading time\" \/>\n\t<meta name=\"twitter:data1\" content=\"2 minutes\" \/>\n<script type=\"application\/ld+json\" class=\"yoast-schema-graph\">{\"@context\":\"https:\/\/schema.org\",\"@graph\":[{\"@type\":\"WebPage\",\"@id\":\"https:\/\/cpi-europe.upv.es\/eventos\/infoday-nacional-cl3-2026\/\",\"url\":\"https:\/\/cpi-europe.upv.es\/eventos\/infoday-nacional-cl3-2026\/\",\"name\":\"Jornada informativa nacional 2026 Cl\u00faster 3 Seguridad Civil para la Sociedad | CPI EUROPE\",\"isPartOf\":{\"@id\":\"https:\/\/cpi-europe.upv.es\/#website\"},\"primaryImageOfPage\":{\"@id\":\"https:\/\/cpi-europe.upv.es\/eventos\/infoday-nacional-cl3-2026\/#primaryimage\"},\"image\":{\"@id\":\"https:\/\/cpi-europe.upv.es\/eventos\/infoday-nacional-cl3-2026\/#primaryimage\"},\"thumbnailUrl\":\"https:\/\/cpi-europe.upv.es\/wp-content\/uploads\/2021\/10\/he.jpg\",\"datePublished\":\"2026-01-26T16:13:51+00:00\",\"dateModified\":\"2026-01-26T16:19:13+00:00\",\"breadcrumb\":{\"@id\":\"https:\/\/cpi-europe.upv.es\/eventos\/infoday-nacional-cl3-2026\/#breadcrumb\"},\"inLanguage\":\"en-GB\",\"potentialAction\":[{\"@type\":\"ReadAction\",\"target\":[\"https:\/\/cpi-europe.upv.es\/eventos\/infoday-nacional-cl3-2026\/\"]}]},{\"@type\":\"ImageObject\",\"inLanguage\":\"en-GB\",\"@id\":\"https:\/\/cpi-europe.upv.es\/eventos\/infoday-nacional-cl3-2026\/#primaryimage\",\"url\":\"https:\/\/cpi-europe.upv.es\/wp-content\/uploads\/2021\/10\/he.jpg\",\"contentUrl\":\"https:\/\/cpi-europe.upv.es\/wp-content\/uploads\/2021\/10\/he.jpg\",\"width\":480,\"height\":480},{\"@type\":\"BreadcrumbList\",\"@id\":\"https:\/\/cpi-europe.upv.es\/eventos\/infoday-nacional-cl3-2026\/#breadcrumb\",\"itemListElement\":[{\"@type\":\"ListItem\",\"position\":1,\"name\":\"Portada\",\"item\":\"https:\/\/cpi-europe.upv.es\/\"},{\"@type\":\"ListItem\",\"position\":2,\"name\":\"Jornada informativa nacional 2026 Cl\u00faster 3 Seguridad Civil para la Sociedad\"}]},{\"@type\":\"WebSite\",\"@id\":\"https:\/\/cpi-europe.upv.es\/#website\",\"url\":\"https:\/\/cpi-europe.upv.es\/\",\"name\":\"CPI EUROPE\",\"description\":\"\",\"publisher\":{\"@id\":\"https:\/\/cpi-europe.upv.es\/#organization\"},\"potentialAction\":[{\"@type\":\"SearchAction\",\"target\":{\"@type\":\"EntryPoint\",\"urlTemplate\":\"https:\/\/cpi-europe.upv.es\/?s={search_term_string}\"},\"query-input\":{\"@type\":\"PropertyValueSpecification\",\"valueRequired\":true,\"valueName\":\"search_term_string\"}}],\"inLanguage\":\"en-GB\"},{\"@type\":\"Organization\",\"@id\":\"https:\/\/cpi-europe.upv.es\/#organization\",\"name\":\"CPI Europe\",\"url\":\"https:\/\/cpi-europe.upv.es\/\",\"logo\":{\"@type\":\"ImageObject\",\"inLanguage\":\"en-GB\",\"@id\":\"https:\/\/cpi-europe.upv.es\/#\/schema\/logo\/image\/\",\"url\":\"https:\/\/cpi-europe.upv.es\/wp-content\/uploads\/2020\/12\/logo-cpi-web-ok.png\",\"contentUrl\":\"https:\/\/cpi-europe.upv.es\/wp-content\/uploads\/2020\/12\/logo-cpi-web-ok.png\",\"width\":869,\"height\":111,\"caption\":\"CPI Europe\"},\"image\":{\"@id\":\"https:\/\/cpi-europe.upv.es\/#\/schema\/logo\/image\/\"},\"sameAs\":[\"https:\/\/www.facebook.com\/UPV\",\"https:\/\/x.com\/UPV\",\"https:\/\/www.instagram.com\/instaUPV\/\"]}]}<\/script>\n<!-- \/ Yoast SEO plugin. -->","yoast_head_json":{"title":"Jornada informativa nacional 2026 Cl\u00faster 3 Seguridad Civil para la Sociedad | CPI EUROPE","robots":{"index":"index","follow":"follow","max-snippet":"max-snippet:-1","max-image-preview":"max-image-preview:large","max-video-preview":"max-video-preview:-1"},"canonical":"https:\/\/cpi-europe.upv.es\/en\/eventos\/infoday-nacional-cl3-2026\/","og_locale":"en_GB","og_type":"article","og_title":"Jornada informativa nacional 2026 Cl\u00faster 3 Seguridad Civil para la Sociedad | CPI EUROPE","og_description":"CDTI organiza el 23 de febrero la Jornada Informativa Nacional del Cl\u00faster 3 de Horizonte Europa (Seguridad civil para la sociedad), en la que se presentar\u00e1n las l\u00edneas que se financiar\u00e1n durante la convocatoria 2026 de dicha tem\u00e1tica, as\u00ed como los aspectos m\u00e1s relevantes en la preparaci\u00f3n de propuestas, con el objetivo de maximizar la &hellip; Jornada informativa nacional 2026 Cl\u00faster 3 Seguridad Civil para la Sociedad Read More \u00bb","og_url":"https:\/\/cpi-europe.upv.es\/en\/eventos\/infoday-nacional-cl3-2026\/","og_site_name":"CPI EUROPE","article_publisher":"https:\/\/www.facebook.com\/UPV","article_modified_time":"2026-01-26T16:19:13+00:00","og_image":[{"width":480,"height":480,"url":"https:\/\/cpi-europe.upv.es\/wp-content\/uploads\/2021\/10\/he.jpg","type":"image\/jpeg"}],"twitter_card":"summary_large_image","twitter_site":"@UPV","twitter_misc":{"Estimated reading time":"2 minutes"},"schema":{"@context":"https:\/\/schema.org","@graph":[{"@type":"WebPage","@id":"https:\/\/cpi-europe.upv.es\/eventos\/infoday-nacional-cl3-2026\/","url":"https:\/\/cpi-europe.upv.es\/eventos\/infoday-nacional-cl3-2026\/","name":"Jornada informativa nacional 2026 Cl\u00faster 3 Seguridad Civil para la Sociedad | CPI EUROPE","isPartOf":{"@id":"https:\/\/cpi-europe.upv.es\/#website"},"primaryImageOfPage":{"@id":"https:\/\/cpi-europe.upv.es\/eventos\/infoday-nacional-cl3-2026\/#primaryimage"},"image":{"@id":"https:\/\/cpi-europe.upv.es\/eventos\/infoday-nacional-cl3-2026\/#primaryimage"},"thumbnailUrl":"https:\/\/cpi-europe.upv.es\/wp-content\/uploads\/2021\/10\/he.jpg","datePublished":"2026-01-26T16:13:51+00:00","dateModified":"2026-01-26T16:19:13+00:00","breadcrumb":{"@id":"https:\/\/cpi-europe.upv.es\/eventos\/infoday-nacional-cl3-2026\/#breadcrumb"},"inLanguage":"en-GB","potentialAction":[{"@type":"ReadAction","target":["https:\/\/cpi-europe.upv.es\/eventos\/infoday-nacional-cl3-2026\/"]}]},{"@type":"ImageObject","inLanguage":"en-GB","@id":"https:\/\/cpi-europe.upv.es\/eventos\/infoday-nacional-cl3-2026\/#primaryimage","url":"https:\/\/cpi-europe.upv.es\/wp-content\/uploads\/2021\/10\/he.jpg","contentUrl":"https:\/\/cpi-europe.upv.es\/wp-content\/uploads\/2021\/10\/he.jpg","width":480,"height":480},{"@type":"BreadcrumbList","@id":"https:\/\/cpi-europe.upv.es\/eventos\/infoday-nacional-cl3-2026\/#breadcrumb","itemListElement":[{"@type":"ListItem","position":1,"name":"Portada","item":"https:\/\/cpi-europe.upv.es\/"},{"@type":"ListItem","position":2,"name":"Jornada informativa nacional 2026 Cl\u00faster 3 Seguridad Civil para la Sociedad"}]},{"@type":"WebSite","@id":"https:\/\/cpi-europe.upv.es\/#website","url":"https:\/\/cpi-europe.upv.es\/","name":"CPI EUROPE","description":"","publisher":{"@id":"https:\/\/cpi-europe.upv.es\/#organization"},"potentialAction":[{"@type":"SearchAction","target":{"@type":"EntryPoint","urlTemplate":"https:\/\/cpi-europe.upv.es\/?s={search_term_string}"},"query-input":{"@type":"PropertyValueSpecification","valueRequired":true,"valueName":"search_term_string"}}],"inLanguage":"en-GB"},{"@type":"Organization","@id":"https:\/\/cpi-europe.upv.es\/#organization","name":"CPI Europe","url":"https:\/\/cpi-europe.upv.es\/","logo":{"@type":"ImageObject","inLanguage":"en-GB","@id":"https:\/\/cpi-europe.upv.es\/#\/schema\/logo\/image\/","url":"https:\/\/cpi-europe.upv.es\/wp-content\/uploads\/2020\/12\/logo-cpi-web-ok.png","contentUrl":"https:\/\/cpi-europe.upv.es\/wp-content\/uploads\/2020\/12\/logo-cpi-web-ok.png","width":869,"height":111,"caption":"CPI Europe"},"image":{"@id":"https:\/\/cpi-europe.upv.es\/#\/schema\/logo\/image\/"},"sameAs":["https:\/\/www.facebook.com\/UPV","https:\/\/x.com\/UPV","https:\/\/www.instagram.com\/instaUPV\/"]}]}},"_links":{"self":[{"href":"https:\/\/cpi-europe.upv.es\/en\/wp-json\/wp\/v2\/mec-events\/4369","targetHints":{"allow":["GET"]}}],"collection":[{"href":"https:\/\/cpi-europe.upv.es\/en\/wp-json\/wp\/v2\/mec-events"}],"about":[{"href":"https:\/\/cpi-europe.upv.es\/en\/wp-json\/wp\/v2\/types\/mec-events"}],"author":[{"embeddable":true,"href":"https:\/\/cpi-europe.upv.es\/en\/wp-json\/wp\/v2\/users\/4"}],"replies":[{"embeddable":true,"href":"https:\/\/cpi-europe.upv.es\/en\/wp-json\/wp\/v2\/comments?post=4369"}],"wp:featuredmedia":[{"embeddable":true,"href":"https:\/\/cpi-europe.upv.es\/en\/wp-json\/wp\/v2\/media\/1738"}],"wp:attachment":[{"href":"https:\/\/cpi-europe.upv.es\/en\/wp-json\/wp\/v2\/media?parent=4369"}],"wp:term":[{"taxonomy":"post_tag","embeddable":true,"href":"https:\/\/cpi-europe.upv.es\/en\/wp-json\/wp\/v2\/tags?post=4369"},{"taxonomy":"mec_category","embeddable":true,"href":"https:\/\/cpi-europe.upv.es\/en\/wp-json\/wp\/v2\/mec_category?post=4369"}],"curies":[{"name":"wp","href":"https:\/\/api.w.org\/{rel}","templated":true}]}}