{"id":2956,"date":"2022-12-29T09:31:40","date_gmt":"2022-12-29T08:31:40","guid":{"rendered":"https:\/\/cpi-europe.upv.es\/eventos\/info-day-cluster-6-topics-2022-regional-copy\/"},"modified":"2023-01-19T11:34:38","modified_gmt":"2023-01-19T10:34:38","slug":"infoday-regio-cl6-5-clima-2023","status":"publish","type":"mec-events","link":"https:\/\/cpi-europe.upv.es\/en\/eventos\/infoday-regio-cl6-5-clima-2023\/","title":{"rendered":"Infoday Regional Horizonte Europa Cl\u00faster 6 y Cl\u00faster 5 &#8211; CLIMA."},"content":{"rendered":"<p>El <strong>20 de enero de 2023<\/strong>, IVACE, REDIT y SEIMED organizan el <strong>Infoday Regional<\/strong> sobre el Cl\u00faster 6 \u201cAlimentaci\u00f3n, Bioeconom\u00eda, Recursos Naturales, Agricultura y Medio Ambiente\u201d y de la parte \u201cClima\u201d del Cl\u00faster 5 de Horizonte Europa.<\/p>\n<p>Durante la jornada, el Punto Nacional de Contacto de CDTI presentar\u00e1 las oportunidades y recomendaciones de participaci\u00f3n en el Programa de Trabajo 2023-2024 de Horizonte Europeo y, adem\u00e1s, se reunir\u00e1 con todos aquellos que lo soliciten de antemano para <strong>revisar sus propuestas en preparaci\u00f3n.<\/strong> Los interesados deben de inscribirse en la jornada, completar la ficha descargable y enviarla a seimed@redit.es antes del 13 de enero, a las 10:00h.<\/p>\n<p>Tambi\u00e9n se contar\u00e1 con la presencia de empresas y organizaciones de la Comunidad Valenciana que compartir\u00e1n sus experiencias en el Programas Marco y sus consejos para futuros participantes.<\/p>\n<p>Para registrarte env\u00eda tus datos a <a href=\"mailto:seimed@ivace.gva.es\">seimed@ivace.gva.es<\/a><\/p>\n<p>La agenda puede encontrarse en el siguiente <a href=\"https:\/\/www.redit.es\/eventos\/infoday-regional-horizonte-europa-cluster-6-alimentacion-bioeconomia-recursos-naturales-agricultura-y-medio-ambiente-cluster-5-clima\/\">enlace<\/a><\/p>","protected":false},"excerpt":{"rendered":"<p>El 20 de enero de 2023, IVACE, REDIT y SEIMED organizan el Infoday Regional sobre el Cl\u00faster 6 \u201cAlimentaci\u00f3n, Bioeconom\u00eda, Recursos Naturales, Agricultura y Medio Ambiente\u201d y de la parte \u201cClima\u201d del Cl\u00faster 5 de Horizonte Europa. Durante la jornada, el Punto Nacional de Contacto de CDTI presentar\u00e1 las oportunidades y recomendaciones de participaci\u00f3n en &hellip;<\/p>\n<p class=\"read-more\"> <a class=\"\" href=\"https:\/\/cpi-europe.upv.es\/en\/eventos\/infoday-regio-cl6-5-clima-2023\/\"> <span class=\"screen-reader-text\">Infoday Regional Horizonte Europa Cl\u00faster 6 y Cl\u00faster 5 &#8211; CLIMA.<\/span> Read More \u00bb<\/a><\/p>","protected":false},"author":2,"featured_media":2958,"comment_status":"closed","ping_status":"closed","template":"","tags":[89,86,87,73,72,85,91,90,88,100],"mec_category":[15],"class_list":["post-2956","mec-events","type-mec-events","status-publish","has-post-thumbnail","hentry","tag-agricultura","tag-alimentacion","tag-bioeconomia","tag-clima","tag-cluster-5","tag-cluster-6","tag-infoday","tag-medio-ambiente","tag-recursos-naturales","tag-regional","mec_category-externos"],"yoast_head":"<!-- This site is optimized with the Yoast SEO plugin v27.1.1 - https:\/\/yoast.com\/product\/yoast-seo-wordpress\/ -->\n<title>Infoday Regional Horizonte Europa Cl\u00faster 6 y Cl\u00faster 5 - CLIMA. | CPI EUROPE<\/title>\n<meta name=\"robots\" content=\"index, follow, max-snippet:-1, max-image-preview:large, max-video-preview:-1\" \/>\n<link rel=\"canonical\" href=\"https:\/\/cpi-europe.upv.es\/en\/eventos\/infoday-regio-cl6-5-clima-2023\/\" \/>\n<meta property=\"og:locale\" content=\"en_GB\" \/>\n<meta property=\"og:type\" content=\"article\" \/>\n<meta property=\"og:title\" content=\"Infoday Regional Horizonte Europa Cl\u00faster 6 y Cl\u00faster 5 - CLIMA. | CPI EUROPE\" \/>\n<meta property=\"og:description\" content=\"El 20 de enero de 2023, IVACE, REDIT y SEIMED organizan el Infoday Regional sobre el Cl\u00faster 6 \u201cAlimentaci\u00f3n, Bioeconom\u00eda, Recursos Naturales, Agricultura y Medio Ambiente\u201d y de la parte \u201cClima\u201d del Cl\u00faster 5 de Horizonte Europa. Durante la jornada, el Punto Nacional de Contacto de CDTI presentar\u00e1 las oportunidades y recomendaciones de participaci\u00f3n en &hellip; Infoday Regional Horizonte Europa Cl\u00faster 6 y Cl\u00faster 5 &#8211; CLIMA. Read More \u00bb\" \/>\n<meta property=\"og:url\" content=\"https:\/\/cpi-europe.upv.es\/en\/eventos\/infoday-regio-cl6-5-clima-2023\/\" \/>\n<meta property=\"og:site_name\" content=\"CPI EUROPE\" \/>\n<meta property=\"article:publisher\" content=\"https:\/\/www.facebook.com\/UPV\" \/>\n<meta property=\"article:modified_time\" content=\"2023-01-19T10:34:38+00:00\" \/>\n<meta property=\"og:image\" content=\"https:\/\/cpi-europe.upv.es\/wp-content\/uploads\/2022\/12\/EEN.png\" \/>\n\t<meta property=\"og:image:width\" content=\"222\" \/>\n\t<meta property=\"og:image:height\" content=\"195\" \/>\n\t<meta property=\"og:image:type\" content=\"image\/png\" \/>\n<meta name=\"twitter:card\" content=\"summary_large_image\" \/>\n<meta name=\"twitter:site\" content=\"@UPV\" \/>\n<meta name=\"twitter:label1\" content=\"Estimated reading time\" \/>\n\t<meta name=\"twitter:data1\" content=\"1 minute\" \/>\n<script type=\"application\/ld+json\" class=\"yoast-schema-graph\">{\"@context\":\"https:\/\/schema.org\",\"@graph\":[{\"@type\":\"WebPage\",\"@id\":\"https:\/\/cpi-europe.upv.es\/eventos\/infoday-regio-cl6-5-clima-2023\/\",\"url\":\"https:\/\/cpi-europe.upv.es\/eventos\/infoday-regio-cl6-5-clima-2023\/\",\"name\":\"Infoday Regional Horizonte Europa Cl\u00faster 6 y Cl\u00faster 5 - CLIMA. | CPI EUROPE\",\"isPartOf\":{\"@id\":\"https:\/\/cpi-europe.upv.es\/#website\"},\"primaryImageOfPage\":{\"@id\":\"https:\/\/cpi-europe.upv.es\/eventos\/infoday-regio-cl6-5-clima-2023\/#primaryimage\"},\"image\":{\"@id\":\"https:\/\/cpi-europe.upv.es\/eventos\/infoday-regio-cl6-5-clima-2023\/#primaryimage\"},\"thumbnailUrl\":\"https:\/\/cpi-europe.upv.es\/wp-content\/uploads\/2022\/12\/EEN.png\",\"datePublished\":\"2022-12-29T08:31:40+00:00\",\"dateModified\":\"2023-01-19T10:34:38+00:00\",\"breadcrumb\":{\"@id\":\"https:\/\/cpi-europe.upv.es\/eventos\/infoday-regio-cl6-5-clima-2023\/#breadcrumb\"},\"inLanguage\":\"en-GB\",\"potentialAction\":[{\"@type\":\"ReadAction\",\"target\":[\"https:\/\/cpi-europe.upv.es\/eventos\/infoday-regio-cl6-5-clima-2023\/\"]}]},{\"@type\":\"ImageObject\",\"inLanguage\":\"en-GB\",\"@id\":\"https:\/\/cpi-europe.upv.es\/eventos\/infoday-regio-cl6-5-clima-2023\/#primaryimage\",\"url\":\"https:\/\/cpi-europe.upv.es\/wp-content\/uploads\/2022\/12\/EEN.png\",\"contentUrl\":\"https:\/\/cpi-europe.upv.es\/wp-content\/uploads\/2022\/12\/EEN.png\",\"width\":222,\"height\":195},{\"@type\":\"BreadcrumbList\",\"@id\":\"https:\/\/cpi-europe.upv.es\/eventos\/infoday-regio-cl6-5-clima-2023\/#breadcrumb\",\"itemListElement\":[{\"@type\":\"ListItem\",\"position\":1,\"name\":\"Portada\",\"item\":\"https:\/\/cpi-europe.upv.es\/\"},{\"@type\":\"ListItem\",\"position\":2,\"name\":\"Infoday Regional Horizonte Europa Cl\u00faster 6 y Cl\u00faster 5 &#8211; CLIMA.\"}]},{\"@type\":\"WebSite\",\"@id\":\"https:\/\/cpi-europe.upv.es\/#website\",\"url\":\"https:\/\/cpi-europe.upv.es\/\",\"name\":\"CPI EUROPE\",\"description\":\"\",\"publisher\":{\"@id\":\"https:\/\/cpi-europe.upv.es\/#organization\"},\"potentialAction\":[{\"@type\":\"SearchAction\",\"target\":{\"@type\":\"EntryPoint\",\"urlTemplate\":\"https:\/\/cpi-europe.upv.es\/?s={search_term_string}\"},\"query-input\":{\"@type\":\"PropertyValueSpecification\",\"valueRequired\":true,\"valueName\":\"search_term_string\"}}],\"inLanguage\":\"en-GB\"},{\"@type\":\"Organization\",\"@id\":\"https:\/\/cpi-europe.upv.es\/#organization\",\"name\":\"CPI Europe\",\"url\":\"https:\/\/cpi-europe.upv.es\/\",\"logo\":{\"@type\":\"ImageObject\",\"inLanguage\":\"en-GB\",\"@id\":\"https:\/\/cpi-europe.upv.es\/#\/schema\/logo\/image\/\",\"url\":\"https:\/\/cpi-europe.upv.es\/wp-content\/uploads\/2020\/12\/logo-cpi-web-ok.png\",\"contentUrl\":\"https:\/\/cpi-europe.upv.es\/wp-content\/uploads\/2020\/12\/logo-cpi-web-ok.png\",\"width\":869,\"height\":111,\"caption\":\"CPI Europe\"},\"image\":{\"@id\":\"https:\/\/cpi-europe.upv.es\/#\/schema\/logo\/image\/\"},\"sameAs\":[\"https:\/\/www.facebook.com\/UPV\",\"https:\/\/x.com\/UPV\",\"https:\/\/www.instagram.com\/instaUPV\/\"]}]}<\/script>\n<!-- \/ Yoast SEO plugin. -->","yoast_head_json":{"title":"Infoday Regional Horizonte Europa Cl\u00faster 6 y Cl\u00faster 5 - CLIMA. | CPI EUROPE","robots":{"index":"index","follow":"follow","max-snippet":"max-snippet:-1","max-image-preview":"max-image-preview:large","max-video-preview":"max-video-preview:-1"},"canonical":"https:\/\/cpi-europe.upv.es\/en\/eventos\/infoday-regio-cl6-5-clima-2023\/","og_locale":"en_GB","og_type":"article","og_title":"Infoday Regional Horizonte Europa Cl\u00faster 6 y Cl\u00faster 5 - CLIMA. | CPI EUROPE","og_description":"El 20 de enero de 2023, IVACE, REDIT y SEIMED organizan el Infoday Regional sobre el Cl\u00faster 6 \u201cAlimentaci\u00f3n, Bioeconom\u00eda, Recursos Naturales, Agricultura y Medio Ambiente\u201d y de la parte \u201cClima\u201d del Cl\u00faster 5 de Horizonte Europa. Durante la jornada, el Punto Nacional de Contacto de CDTI presentar\u00e1 las oportunidades y recomendaciones de participaci\u00f3n en &hellip; Infoday Regional Horizonte Europa Cl\u00faster 6 y Cl\u00faster 5 &#8211; CLIMA. Read More \u00bb","og_url":"https:\/\/cpi-europe.upv.es\/en\/eventos\/infoday-regio-cl6-5-clima-2023\/","og_site_name":"CPI EUROPE","article_publisher":"https:\/\/www.facebook.com\/UPV","article_modified_time":"2023-01-19T10:34:38+00:00","og_image":[{"width":222,"height":195,"url":"https:\/\/cpi-europe.upv.es\/wp-content\/uploads\/2022\/12\/EEN.png","type":"image\/png"}],"twitter_card":"summary_large_image","twitter_site":"@UPV","twitter_misc":{"Estimated reading time":"1 minute"},"schema":{"@context":"https:\/\/schema.org","@graph":[{"@type":"WebPage","@id":"https:\/\/cpi-europe.upv.es\/eventos\/infoday-regio-cl6-5-clima-2023\/","url":"https:\/\/cpi-europe.upv.es\/eventos\/infoday-regio-cl6-5-clima-2023\/","name":"Infoday Regional Horizonte Europa Cl\u00faster 6 y Cl\u00faster 5 - CLIMA. | CPI EUROPE","isPartOf":{"@id":"https:\/\/cpi-europe.upv.es\/#website"},"primaryImageOfPage":{"@id":"https:\/\/cpi-europe.upv.es\/eventos\/infoday-regio-cl6-5-clima-2023\/#primaryimage"},"image":{"@id":"https:\/\/cpi-europe.upv.es\/eventos\/infoday-regio-cl6-5-clima-2023\/#primaryimage"},"thumbnailUrl":"https:\/\/cpi-europe.upv.es\/wp-content\/uploads\/2022\/12\/EEN.png","datePublished":"2022-12-29T08:31:40+00:00","dateModified":"2023-01-19T10:34:38+00:00","breadcrumb":{"@id":"https:\/\/cpi-europe.upv.es\/eventos\/infoday-regio-cl6-5-clima-2023\/#breadcrumb"},"inLanguage":"en-GB","potentialAction":[{"@type":"ReadAction","target":["https:\/\/cpi-europe.upv.es\/eventos\/infoday-regio-cl6-5-clima-2023\/"]}]},{"@type":"ImageObject","inLanguage":"en-GB","@id":"https:\/\/cpi-europe.upv.es\/eventos\/infoday-regio-cl6-5-clima-2023\/#primaryimage","url":"https:\/\/cpi-europe.upv.es\/wp-content\/uploads\/2022\/12\/EEN.png","contentUrl":"https:\/\/cpi-europe.upv.es\/wp-content\/uploads\/2022\/12\/EEN.png","width":222,"height":195},{"@type":"BreadcrumbList","@id":"https:\/\/cpi-europe.upv.es\/eventos\/infoday-regio-cl6-5-clima-2023\/#breadcrumb","itemListElement":[{"@type":"ListItem","position":1,"name":"Portada","item":"https:\/\/cpi-europe.upv.es\/"},{"@type":"ListItem","position":2,"name":"Infoday Regional Horizonte Europa Cl\u00faster 6 y Cl\u00faster 5 &#8211; CLIMA."}]},{"@type":"WebSite","@id":"https:\/\/cpi-europe.upv.es\/#website","url":"https:\/\/cpi-europe.upv.es\/","name":"CPI EUROPE","description":"","publisher":{"@id":"https:\/\/cpi-europe.upv.es\/#organization"},"potentialAction":[{"@type":"SearchAction","target":{"@type":"EntryPoint","urlTemplate":"https:\/\/cpi-europe.upv.es\/?s={search_term_string}"},"query-input":{"@type":"PropertyValueSpecification","valueRequired":true,"valueName":"search_term_string"}}],"inLanguage":"en-GB"},{"@type":"Organization","@id":"https:\/\/cpi-europe.upv.es\/#organization","name":"CPI Europe","url":"https:\/\/cpi-europe.upv.es\/","logo":{"@type":"ImageObject","inLanguage":"en-GB","@id":"https:\/\/cpi-europe.upv.es\/#\/schema\/logo\/image\/","url":"https:\/\/cpi-europe.upv.es\/wp-content\/uploads\/2020\/12\/logo-cpi-web-ok.png","contentUrl":"https:\/\/cpi-europe.upv.es\/wp-content\/uploads\/2020\/12\/logo-cpi-web-ok.png","width":869,"height":111,"caption":"CPI Europe"},"image":{"@id":"https:\/\/cpi-europe.upv.es\/#\/schema\/logo\/image\/"},"sameAs":["https:\/\/www.facebook.com\/UPV","https:\/\/x.com\/UPV","https:\/\/www.instagram.com\/instaUPV\/"]}]}},"_links":{"self":[{"href":"https:\/\/cpi-europe.upv.es\/en\/wp-json\/wp\/v2\/mec-events\/2956","targetHints":{"allow":["GET"]}}],"collection":[{"href":"https:\/\/cpi-europe.upv.es\/en\/wp-json\/wp\/v2\/mec-events"}],"about":[{"href":"https:\/\/cpi-europe.upv.es\/en\/wp-json\/wp\/v2\/types\/mec-events"}],"author":[{"embeddable":true,"href":"https:\/\/cpi-europe.upv.es\/en\/wp-json\/wp\/v2\/users\/2"}],"replies":[{"embeddable":true,"href":"https:\/\/cpi-europe.upv.es\/en\/wp-json\/wp\/v2\/comments?post=2956"}],"wp:featuredmedia":[{"embeddable":true,"href":"https:\/\/cpi-europe.upv.es\/en\/wp-json\/wp\/v2\/media\/2958"}],"wp:attachment":[{"href":"https:\/\/cpi-europe.upv.es\/en\/wp-json\/wp\/v2\/media?parent=2956"}],"wp:term":[{"taxonomy":"post_tag","embeddable":true,"href":"https:\/\/cpi-europe.upv.es\/en\/wp-json\/wp\/v2\/tags?post=2956"},{"taxonomy":"mec_category","embeddable":true,"href":"https:\/\/cpi-europe.upv.es\/en\/wp-json\/wp\/v2\/mec_category?post=2956"}],"curies":[{"name":"wp","href":"https:\/\/api.w.org\/{rel}","templated":true}]}}